{"id":1206,"date":"2010-01-07T09:21:16","date_gmt":"2010-01-07T07:21:16","guid":{"rendered":"http:\/\/tsvkuppingen.de\/lauftreff\/site\/?page_id=1206"},"modified":"2019-09-20T22:00:26","modified_gmt":"2019-09-20T20:00:26","slug":"ergebnisse-januar-marz-2010","status":"publish","type":"page","link":"https:\/\/tsvkuppingen.de\/lauftreff\/site\/?page_id=1206","title":{"rendered":"Jan. &#8211; April 2010"},"content":{"rendered":"<table border=\"0\" cellspacing=\"3\" cellpadding=\"5\" width=\"560\">\n<tbody>\n<tr>\n<td style=\"text-align: left; vertical-align: top;\" width=\"120\">25. April 2010<\/td>\n<td valign=\"middle\"><span style=\"color: #ff0000;\"><strong>Kreis-Crosslaufmeisterschaften in Waldenbuch<\/strong><\/span><br \/>\nWer am vergangenen Sonntag zu Meister-Ehren kommen wollte, der musste nach Waldenbuch\u00a0fahren.<br \/>\n<a href=\"#km\">Zu den Ergebnissen<\/a><\/td>\n<\/tr>\n<tr>\n<td style=\"text-align: left; vertical-align: top;\" width=\"120\">25. April 2010<\/td>\n<td valign=\"middle\"><span style=\"color: #ff0000;\"><strong>19. Kayher Kirschbl\u00fctenlauf<\/strong><\/span><br \/>\nWieder gute Zeiten f\u00fcr den TSV beim 19.Kayher Kirschbl\u00fctenlauf.<br \/>\n<a href=\"#kayh\">Zu den Ergebnissen<\/a><\/td>\n<\/tr>\n<tr>\n<td style=\"text-align: left; vertical-align: top;\" width=\"120\">18. April 2010<\/td>\n<td valign=\"middle\"><span style=\"color: #ff0000;\"><strong>4. Fischermans Friend StrongManRun<\/strong><\/span><br \/>\nWem laufen alleine zu langweilig ist, wer gerne \u00fcber Berg und Tal und sonstige Hindernisse geht, kriecht oder was auch immer, der ist beim StronManRun genau richtig.<br \/>\n<a href=\"#fish\">Zu den Ergebnissen<\/a><\/td>\n<\/tr>\n<tr>\n<td style=\"text-align: left; vertical-align: top;\" width=\"120\">18. April 2010<\/td>\n<td valign=\"middle\"><span style=\"color: #ff0000;\"><strong>6. Lustnauer Kirnberglauf<\/strong><\/span><br \/>\nDer Lustnauer Kirnberglauf hat Seltenheitswert. Fast nie sieht man am Start mehr Walker als L\u00e4ufer.<br \/>\n<a href=\"#lustnau\">Zu den Ergebnissen<\/a><\/td>\n<\/tr>\n<tr>\n<td style=\"text-align: left; vertical-align: top;\" width=\"120\">18. April 2010<\/td>\n<td valign=\"middle\"><span style=\"color: #ff0000;\"><strong>Deutsche Stra\u00dfenlaufmeisterschaften Bad Liebenzell<\/strong><\/span><br \/>\nWie vor 3 Jahren in Calw war am 18. April 2010 der TSV Kuppingen bei den Deutschen Stra\u00dfenlaufmeisterschaften in Bad Liebenzell vertreten.<br \/>\n<a href=\"#dmhm\">Zu den Ergebnissen<\/a><\/td>\n<\/tr>\n<tr>\n<td style=\"text-align: left; vertical-align: top;\" width=\"120\">17. April 2010<\/td>\n<td valign=\"middle\"><span style=\"color: #ff0000;\"><strong>15. Herrenberger Fr\u00fchlingslauf<\/strong><\/span><br \/>\nDieses Jahr machte der Fr\u00fchlingslauf seinem Namen alle Ehre, bei angenehmen Temperaturen wurden die L\u00e4ufer auf die Strecke geschickt.<br \/>\n<a href=\"#hbg\">Zu den Ergebnissen<\/a><\/td>\n<\/tr>\n<tr>\n<td style=\"text-align: left; vertical-align: top;\" width=\"120\">11. April 2010<\/td>\n<td valign=\"middle\"><span style=\"color: #ff0000;\"><strong>25. Gerlinger Solitudelauf<\/strong><\/span><br \/>\nDer Solitudelauf ist ein anspruchsvoller und landschaftlich reizvoller Lauf mit abwechslungsreicher Streckenf\u00fchrung. Michael und Sebastian waren dabei.<br \/>\n<a href=\"#gerlingen\">Zu den Ergebnissen<\/a><\/td>\n<\/tr>\n<tr>\n<td style=\"text-align: left; vertical-align: top;\" width=\"120\">3. April 2010<\/td>\n<td valign=\"middle\"><span style=\"color: #ff0000;\"><strong>36. Ruppichterother Osterlauf<\/strong><\/span><br \/>\nAlexander Roth gewinnt mit bombastischer Zeit seine Alterklasse<br \/>\n<a href=\"#ruppi\">Zu den Ergebnissen<\/a><\/td>\n<\/tr>\n<tr>\n<td style=\"text-align: left; vertical-align: top;\" width=\"120\">28. M\u00e4rz 2010<\/td>\n<td valign=\"middle\"><span style=\"color: #ff0000;\"><strong>Freiburg Marathon<\/strong><\/span><br \/>\nUta Groeper beim zweiten Marathon trotz Wind unter 4 Stunden<br \/>\n<a href=\"#freiburg\">Zu den Ergebnissen<\/a><\/td>\n<\/tr>\n<tr>\n<td style=\"text-align: left; vertical-align: top;\" width=\"120\">27. M\u00e4rz 2010<\/td>\n<td valign=\"middle\"><span style=\"color: #ff0000;\"><strong>Osterlauf in Kiebingen<\/strong><\/span><br \/>\nVolker Kapp stellt in stark besetztem Feld seine Form unter Beweis.<br \/>\n<a href=\"#kiebingen\">Zu den Ergebnissen<\/a><\/td>\n<\/tr>\n<tr>\n<td style=\"text-align: left; vertical-align: top;\" width=\"120\">21. M\u00e4rz 2010<\/td>\n<td valign=\"middle\"><span style=\"color: #ff0000;\"><strong>Magstadtlauf<\/strong><\/span><br \/>\nMedaillen-Segen beim Magstadt Lauf<br \/>\n<a href=\"#magstadt\">Zu den Ergebnissen<\/a><\/td>\n<\/tr>\n<tr>\n<td style=\"text-align: left; vertical-align: top;\" width=\"120\">14. M\u00e4rz 2010<\/td>\n<td valign=\"middle\"><span style=\"color: #ff0000;\"><strong>Bienwald Marathon Kandel<\/strong><\/span><br \/>\nVolker Kapp unter 3 Stunden.<br \/>\n<a href=\"#kandel\">Zu den Ergebnissen<\/a><\/td>\n<\/tr>\n<tr>\n<td style=\"text-align: left; vertical-align: top;\" width=\"120\">21. Februar 2010<\/td>\n<td valign=\"middle\"><span style=\"color: #ff0000;\"><strong>Sindelfinger Glaspalastlauf<\/strong><\/span><br \/>\nUta Groeper allein am Glaspalast unterwegs<br \/>\n<a href=\"#sifi\">Zu den Ergebnissen<\/a><\/td>\n<\/tr>\n<tr>\n<td style=\"text-align: left; vertical-align: top;\" width=\"120\">6. Januar 2010<\/td>\n<td valign=\"middle\"><span style=\"color: #ff0000;\"><strong>3. Grafenauer Dreik\u00f6nigslauf<\/strong><\/span><br \/>\nZufriedene Gesichter in Grafenau<br \/>\n<a href=\"#grafenau\">Zu den Ergebnissen<\/a><\/td>\n<\/tr>\n<\/tbody>\n<\/table>\n<p><\/p>\n<hr>\n<p><\/p>\n<p><a name=\"km\"><\/a><br \/>\n<strong>25.04.2010: Kreis-Crosslaufmeisterschaften in Waldenbuch<\/strong><br \/>\n<figure id=\"attachment_1368\" aria-describedby=\"caption-attachment-1368\" style=\"width: 200px\" class=\"wp-caption alignnone\"><a href=\"https:\/\/tsvkuppingen.de\/lauftreff\/site\/wp-content\/uploads\/2010\/01\/Waldenbuch+2010+Georg+Eichler.jpg\"><img loading=\"lazy\" decoding=\"async\" src=\"https:\/\/tsvkuppingen.de\/lauftreff\/site\/wp-content\/uploads\/2010\/01\/Waldenbuch+2010+Georg+Eichler-200x300.jpg\" alt=\"Georg Eichler Titeltr\u00e4ger der A-Jugendlichen\" title=\"GeorgEichler\" width=\"200\" height=\"300\" class=\"size-medium wp-image-1368\" srcset=\"https:\/\/tsvkuppingen.de\/lauftreff\/site\/wp-content\/uploads\/2010\/01\/Waldenbuch+2010+Georg+Eichler-200x300.jpg 200w, https:\/\/tsvkuppingen.de\/lauftreff\/site\/wp-content\/uploads\/2010\/01\/Waldenbuch+2010+Georg+Eichler-682x1024.jpg 682w, https:\/\/tsvkuppingen.de\/lauftreff\/site\/wp-content\/uploads\/2010\/01\/Waldenbuch+2010+Georg+Eichler.jpg 1810w\" sizes=\"auto, (max-width: 200px) 100vw, 200px\" \/><\/a><figcaption id=\"caption-attachment-1368\" class=\"wp-caption-text\">Georg Eichler Titeltr\u00e4ger der A-Jugendlichen<\/figcaption><\/figure><br \/>\nWer am vergangenen Sonntag zu Meister-Ehren kommen wollte, der musste sich notgedrungen gegen den Kayher Kirschbl\u00fctenlauf entscheiden und sich nach Waldenbuch orientieren. So taten es gr\u00f6\u00dftenteils die Kinder, Jugendlichen und Junioren des Lauftreffs. Daf\u00fcr belohnten sie sich mit beachtlichen sechs Titeln.<br \/>\nPascal Schmid (M09) konnte sich in seinem Rennen auf dem 3. Platz behaupten. Bei den W10-M\u00e4dels lief Victoria Zel\u00dfmann ein prima Rennen \u00fcber 1000m und gewann vor 20 weiteren Konkurrentinnen ihren Lauf in sehr guten 5:01 Min. Zusammen mit Lea Schuker und Ann-Madlen Speer erreichte sie in der Mannschaftwertung den 3. Platz.<br \/>\nIn der Klasse W14 erk\u00e4mpfte sich Miriam Be\u00dfler einen tollen 2. Platz. Ein l\u00e4uferisches Highlight war das Rennen von Tobias Kocholl. Leichtf\u00fcssig hielt er die Konkurrenz in Schach und gewann \u00fcber 2400m in 9:10 Min. nicht nur den M15-Einzeltitel, sondern zusammen mit Felix Kopp und Oliver Zel\u00dfmann auch die Mannschaftswertung. In der weiblichen Jugend B liefen unsere Deb\u00fctantinnen Anna-Lena N\u00fc\u00dfle und Tania Ruppert ein sehr engagiertes Rennen, konnten die Pl\u00e4tze 2 und 3 f\u00fcr sich verbuchen und zusammen mit Elke Riethm\u00fcller verdient die Mannschaftwertung gewinnen. Besser kann&#8217;s ja fast nicht laufen!<br \/>\nBei den A-Jugendlichen \u00fcber 3600m kontrollierte Georg Eichler stets das Feld. Auch wehrte er gelegentliche Angriffe der Konkurrenz erfolgreich ab und gewann die Meisterschaft ohne Wenn und Aber.<br \/>\nEinen weiteren Titel sicherte sich der TSV durch Andreas Schmid, der sich bei den Herren M35 \u00fcber 6000m an die Spitze setzte.<br \/>\n<figure id=\"attachment_1369\" aria-describedby=\"caption-attachment-1369\" style=\"width: 200px\" class=\"wp-caption alignnone\"><a href=\"https:\/\/tsvkuppingen.de\/lauftreff\/site\/wp-content\/uploads\/2010\/01\/Waldenbuch+2010+Tobias+Kocholl.jpg\"><img loading=\"lazy\" decoding=\"async\" src=\"https:\/\/tsvkuppingen.de\/lauftreff\/site\/wp-content\/uploads\/2010\/01\/Waldenbuch+2010+Tobias+Kocholl-200x300.jpg\" alt=\"Tobias Kocholl l\u00e4uft zum Sieg\" title=\"TobiasKocholl\" width=\"200\" height=\"300\" class=\"size-medium wp-image-1369\" srcset=\"https:\/\/tsvkuppingen.de\/lauftreff\/site\/wp-content\/uploads\/2010\/01\/Waldenbuch+2010+Tobias+Kocholl-200x300.jpg 200w, https:\/\/tsvkuppingen.de\/lauftreff\/site\/wp-content\/uploads\/2010\/01\/Waldenbuch+2010+Tobias+Kocholl-682x1024.jpg 682w, https:\/\/tsvkuppingen.de\/lauftreff\/site\/wp-content\/uploads\/2010\/01\/Waldenbuch+2010+Tobias+Kocholl.jpg 1914w\" sizes=\"auto, (max-width: 200px) 100vw, 200px\" \/><\/a><figcaption id=\"caption-attachment-1369\" class=\"wp-caption-text\">Tobias Kocholl l\u00e4uft zum Sieg<\/figcaption><\/figure><\/p>\n<p><\/p>\n<hr>\n<p><\/p>\n<p><a name=\"kayh\"><\/a><br \/>\n<strong>25.04.2010: 19. Kayher Kirschb\u00fctenlauf<\/strong><br \/>\nWieder gute Zeiten f\u00fcr den TSV beim 19.Kayher Kirschbl\u00fctenlauf, bei fast sommerlichen Temperaturen hat der Name Kirschbl\u00fctenlauf in diesem Jahr &#8211; wie schon \u00f6fters &#8211; voll zugetroffen. Trotz Kreismeisterschaften in Waldenbuch waren immerhin noch 12 Teilnehmer vom TSV Kuppingen vertreten. Unseren Neuzugang R\u00fcdiger G\u00f6ser haben wohl die Kirschbl\u00fcten besonders beeindruckt. Er startete mit Micha noch hinter den Schulklassen der Jerg-Ratgeb-Schule, zog dann aber an dem steilen Hang seinen Turbolader an und verabschiedete sich von Micha. Gratulation an alle Kuppinger, das war  wieder einmal ein toller Erfolg, mit einigen ersten Pl\u00e4tzen in den Altersklassen.<\/p>\n<table style=\"text-align: left; width: 80%;\" border=\"0\\ncellpadding=\"0\" cellspacing=\"0\">\n<tbody>\n<tr>\n<td colspan=\"4\">\n      <strong>Hauptlauf \u00fcber 14,2 km<\/strong>\n    <\/td>\n<\/tr>\n<tr>\n<td style=\"width: 10%;\">017<\/td>\n<td style=\"width: 40%;\">G\u00f6ser, R\u00fcdiger <\/td>\n<td style=\"width: 15%;\">0:57:48<\/td>\n<td style=\"width: 15%;\">5  M40<\/td>\n<\/tr>\n<tr>\n<td style=\"width: 10%;\">023<\/td>\n<td style=\"width: 40%;\">Sattler, Rainer <\/td>\n<td style=\"width: 15%;\">0:58:33<\/td>\n<td style=\"width: 15%;\">4  M20<\/td>\n<\/tr>\n<tr>\n<td style=\"width: 10%;\">030<\/td>\n<td style=\"width: 40%;\">Woerner, Mario <\/td>\n<td style=\"width: 15%;\">1:00:13<\/td>\n<td style=\"width: 15%;\">7  M20<\/td>\n<\/tr>\n<tr>\n<td style=\"width: 10%;\">033<\/td>\n<td style=\"width: 40%;\">Eckl, Wolfgang <\/td>\n<td style=\"width: 15%;\">1:00:31<\/td>\n<td style=\"width: 15%;\">1  M55<\/td>\n<\/tr>\n<tr>\n<td style=\"width: 10%;\">034<\/td>\n<td style=\"width: 40%;\">Bruckner, Ralf <\/td>\n<td style=\"width: 15%;\">1:00:31<\/td>\n<td style=\"width: 15%;\">4  M45<\/td>\n<\/tr>\n<tr>\n<td style=\"width: 10%;\">048<\/td>\n<td style=\"width: 40%;\">Wunschik, Klaus <\/td>\n<td style=\"width: 15%;\">1:03:26<\/td>\n<td style=\"width: 15%;\">12  M40<\/td>\n<\/tr>\n<tr>\n<td style=\"width: 10%;\">063<\/td>\n<td style=\"width: 40%;\">Piske, Michael <\/td>\n<td style=\"width: 15%;\">1:04:51<\/td>\n<td style=\"width: 15%;\">1  M60<\/td>\n<\/tr>\n<tr>\n<td style=\"width: 10%;\">076<\/td>\n<td style=\"width: 40%;\">Kr\u00e4mer, Thomas <\/td>\n<td style=\"width: 15%;\">1:06:56<\/td>\n<td style=\"width: 15%;\">18  M40<\/td>\n<\/tr>\n<tr>\n<td style=\"width: 10%;\">142<\/td>\n<td style=\"width: 40%;\">Kopp, Petra <\/td>\n<td style=\"width: 15%;\">1:13:51<\/td>\n<td style=\"width: 15%;\">1  W45<\/td>\n<\/tr>\n<tr>\n<td style=\"width: 10%;\">178<\/td>\n<td style=\"width: 40%;\">Wilms, Holger <\/td>\n<td style=\"width: 15%;\">1:18:09<\/td>\n<td style=\"width: 15%;\">33  M40<\/td>\n<\/tr>\n<tr>\n<td style=\"width: 10%;\">225<\/td>\n<td style=\"width: 40%;\">Kopp, Christoph <\/td>\n<td style=\"width: 15%;\">1:24:50<\/td>\n<td style=\"width: 15%;\">27  M50<\/td>\n<\/tr>\n<tr>\n<td style=\"width: 10%;\">238<\/td>\n<td style=\"width: 40%;\">Rehorsch, Jochen<\/td>\n<td style=\"width: 15%;\">1:28:55<\/td>\n<td style=\"width: 15%;\">25  M35<\/td>\n<\/tr>\n<\/tbody>\n<\/table>\n<table style=\"text-align: left; width: 80%;\" border=\"0\\ncellpadding=\"0\" cellspacing=\"0\">\n<tbody>\n<tr>\n<td colspan=\"4\">\n      <strong>Sch\u00fclerl\u00e4ufe<\/strong>\n    <\/td>\n<\/tr>\n<tr>\n<td style=\"width: 10%;\">18<\/td>\n<td style=\"width: 40%;\">Zel\u00dfmann, Matthias <\/td>\n<td style=\"width: 15%;\">2:29<\/td>\n<td style=\"width: 15%;\">18  M10<\/td>\n<\/tr>\n<tr>\n<td style=\"width: 10%;\">22<\/td>\n<td style=\"width: 40%;\">Sautter, Luca <\/td>\n<td style=\"width: 15%;\">4:39<\/td>\n<td style=\"width: 15%;\">22  M12<\/td>\n<\/tr>\n<tr>\n<td style=\"width: 10%;\">2<\/td>\n<td style=\"width: 40%;\">Zel\u00dfmann, Viktoria <\/td>\n<td style=\"width: 15%;\">2:23<\/td>\n<td style=\"width: 15%;\">02  W10<\/td>\n<\/tr>\n<tr>\n<td style=\"width: 10%;\">5<\/td>\n<td style=\"width: 40%;\">Zel\u00dfmann, Christine <\/td>\n<td style=\"width: 15%;\">4:20<\/td>\n<td style=\"width: 15%;\">05  W12<\/td>\n<\/tr>\n<tr>\n<td style=\"width: 10%;\">6<\/td>\n<td style=\"width: 40%;\">Wunschik, Jenny       <\/td>\n<td style=\"width: 15%;\">19:19 <\/td>\n<td style=\"width: 15%;\">06  W14<\/td>\n<\/tr>\n<\/tbody>\n<\/table>\n<p><a href=\"https:\/\/tsvkuppingen.de\/lauftreff\/site\/wp-content\/uploads\/2010\/01\/Kayh-013.jpg\"><img loading=\"lazy\" decoding=\"async\" src=\"https:\/\/tsvkuppingen.de\/lauftreff\/site\/wp-content\/uploads\/2010\/01\/Kayh-013-300x225.jpg\" alt=\"Kayh 013\" title=\"Kayh 013\" width=\"300\" height=\"225\" class=\"alignnone size-medium wp-image-1373\" srcset=\"https:\/\/tsvkuppingen.de\/lauftreff\/site\/wp-content\/uploads\/2010\/01\/Kayh-013-300x225.jpg 300w, https:\/\/tsvkuppingen.de\/lauftreff\/site\/wp-content\/uploads\/2010\/01\/Kayh-013.jpg 640w\" sizes=\"auto, (max-width: 300px) 100vw, 300px\" \/><\/a><\/p>\n<p><\/p>\n<hr>\n<p><\/p>\n<p><a name=\"fish\"><\/a><br \/>\n<strong>18.04.2010: 4. Fischermans Friend StrongManRun<\/strong><br \/>\nWem laufen alleine zu langweilig ist, wer gerne \u00fcber Berg und Tal und sonstige Hindernisse geht, kriecht oder was auch immer, der ist beim StronManRun genau richtig.<br \/>\n5992 Teilnehmer erreichten das Ziel, darunter auch 3 Kuppinger L\u00e4ufer.<br \/>\nHindernisse gab es genug: man musste sich an sehr steilen H\u00e4ngen emporziehen, es wurde \u00fcber Seilw\u00e4nde geklettert, unter Drahtseilen durchgekrochen und Schlammpf\u00fctzen und Wasserb\u00e4che mussten durchquert werden. Ein Erlebnis der besonderen Art. <\/p>\n<table style=\"text-align: left; width: 80%;\" border=\"0\\ncellpadding=\"0\" cellspacing=\"0\">\n<tbody>\n<tr>\n<td style=\"width: 10%;\">252.<\/td>\n<td style=\"width: 40%;\">W\u00f6rner Mario<\/td>\n<td style=\"width: 15%;\">2:16:29<\/td>\n<td style=\"width: 15%;\"><\/td>\n<\/tr>\n<tr>\n<td style=\"width: 10%;\">253.<\/td>\n<td style=\"width: 40%;\">W\u00f6rner Thomas<\/td>\n<td style=\"width: 15%;\">2:16:32<\/td>\n<td style=\"width: 15%;\"><\/td>\n<\/tr>\n<tr>\n<td style=\"width: 10%;\">573<\/td>\n<td style=\"width: 40%;\">Kopp Marcel<\/td>\n<td style=\"width: 15%;\">2:30:04<\/td>\n<td style=\"width: 15%;\"><\/td>\n<\/tr>\n<\/tbody>\n<\/table>\n<p><\/p>\n<hr>\n<p><\/p>\n<p><a name=\"lustnau\"><\/a><br \/>\n<strong>18.04.2010: 6. Kirnberglauf<\/strong><br \/>\nDer Lustnauer Kirnberglauf hat Seltenheitswert. Fast nie sieht man am Start mehr Walker als L\u00e4ufer. Im T\u00fcbinger Stadtteil ist das eine glasklare Sache!<br \/>\nPetra Mikolaizak und Silvia Piske nutzten die Gelegenheit zum ersten Fitness-Test f\u00fcr den W\u00fcrzburg Marathon. Sie gingen auf die 12,5 km lange Walkingstrecke und mischten das T\u00fcbinger Walking-Volk kr\u00e4ftig auf. Petra ging gemeinsam mit Raffaele G\u00f6rnhardt als erste Frau \u00fcber die Ziellinie. Auch Silvia konnte mit ihrer Zeit sehr zufrieden sein. Ebenfalls am Start der Kuppinger Walker, Uli Hauth.<br \/>\nEinzige TSV L\u00e4ufer waren Michael Piske, der 12,5 km absolvierte (ganz gem\u00fctlich nat\u00fcrlich) und Thomas Schuker, der die lange Distanz \u00fcber 19,5 km sichtlich zufrieden \u00fcberstand. Beide sind ebenfalls im Training f\u00fcr den W\u00fcrzburg Marathon.<br \/>\n<figure id=\"attachment_1360\" aria-describedby=\"caption-attachment-1360\" style=\"width: 256px\" class=\"wp-caption alignnone\"><a href=\"https:\/\/tsvkuppingen.de\/lauftreff\/site\/wp-content\/uploads\/2010\/01\/petra_raffaele.jpg\"><img loading=\"lazy\" decoding=\"async\" src=\"https:\/\/tsvkuppingen.de\/lauftreff\/site\/wp-content\/uploads\/2010\/01\/petra_raffaele-256x300.jpg\" alt=\"Petra Mikolaizak und Raffaele G\u00f6rnhardt souver\u00e4n im Ziel\" title=\"walker\" width=\"256\" height=\"300\" class=\"size-medium wp-image-1360\" srcset=\"https:\/\/tsvkuppingen.de\/lauftreff\/site\/wp-content\/uploads\/2010\/01\/petra_raffaele-256x300.jpg 256w, https:\/\/tsvkuppingen.de\/lauftreff\/site\/wp-content\/uploads\/2010\/01\/petra_raffaele.jpg 411w\" sizes=\"auto, (max-width: 256px) 100vw, 256px\" \/><\/a><figcaption id=\"caption-attachment-1360\" class=\"wp-caption-text\">Petra Mikolaizak und Raffaele G\u00f6rnhardt souver\u00e4n im Ziel<\/figcaption><\/figure><\/p>\n<p><\/p>\n<hr>\n<p><\/p>\n<p><a name=\"dmhm\"><\/a><br \/>\n<strong>18.04.2010: Deutsche Stra\u00dfenlaufmeisterschaften in Bad Liebenzell<\/strong><br \/>\nWie vor 3 Jahren in Calw war am 18. April 2010 der TSV Kuppingen bei den Deutschen Stra\u00dfenlaufmeisterschaften im Halbmarathon in Bad Liebenzell vertreten. Allerdings hatte der Lauftreff mit Volker Kapp dieses Mal ein richtig heisses Eisen im Feuer. Er hatte sich in den vergangenen Monaten akribisch auf diesen Tag vorbereitet, was seine st\u00e4ndig verbesserte Form zeigte. Nun galt es die Fr\u00fcchte des harten Trainings zu ernten. Bei fast optimalen \u00e4usseren Bedingungen, startete das ca. 500 Mann und Frau starke Feld p\u00fcnktlich um 11:45 Uhr, auf der komplett gesperrten B 463, und ab ging die Post. Volker Kapp f\u00fchlte sich sehr gut, hatte Pulsfrequenz und Zwischenzeiten im Auge und lief so die ersten 10km in 37 Minuten an. Das war extrem schnell. Nach weiteren 5km schnappte dann aber die honigs\u00fcsse Falle zu. Volker war &#8211; eine vordere Platzierung vor Augen &#8211; das Rennen zu schnell angegangen, steigende Temperaturen taten dann ihr \u00dcbriges. V\u00f6llig \u00fcbers\u00e4uert und ersch\u00f6pft musste er das Rennen 5km vor dem Ziel beenden. Entt\u00e4uscht war er wohl selbst am meisten. Mehrere Monate hartes Training verpufften innerhalb weniger Minuten. Aber auch das geh\u00f6rt zum Sport, Sieg und Niederlage, Euphorie und Entt\u00e4uschung. Bei aller Frustration hatte Volker trotzdem die richtige Entscheidung getroffen, seine Gesundheit nicht aufs Spiel zu setzen. Aber es werden auch wieder andere Tage kommen, vielleicht schon 2012,  wenn die Meisterschaften dann wieder im S\u00fcden Deutschlands ausgetragen werden.<br \/>\n<figure id=\"attachment_1359\" aria-describedby=\"caption-attachment-1359\" style=\"width: 200px\" class=\"wp-caption alignnone\"><a href=\"https:\/\/tsvkuppingen.de\/lauftreff\/site\/wp-content\/uploads\/2010\/01\/Calw.jpg\"><img loading=\"lazy\" decoding=\"async\" src=\"https:\/\/tsvkuppingen.de\/lauftreff\/site\/wp-content\/uploads\/2010\/01\/Calw-200x300.jpg\" alt=\"Volker Kapp qu\u00e4lt sich in Bad Liebenzell\" title=\"DM\" width=\"200\" height=\"300\" class=\"size-medium wp-image-1359\" srcset=\"https:\/\/tsvkuppingen.de\/lauftreff\/site\/wp-content\/uploads\/2010\/01\/Calw-200x300.jpg 200w, https:\/\/tsvkuppingen.de\/lauftreff\/site\/wp-content\/uploads\/2010\/01\/Calw-682x1024.jpg 682w, https:\/\/tsvkuppingen.de\/lauftreff\/site\/wp-content\/uploads\/2010\/01\/Calw.jpg 1660w\" sizes=\"auto, (max-width: 200px) 100vw, 200px\" \/><\/a><figcaption id=\"caption-attachment-1359\" class=\"wp-caption-text\">Volker Kapp qu\u00e4lt sich in Bad Liebenzell<\/figcaption><\/figure><\/p>\n<p><\/p>\n<hr>\n<p><\/p>\n<p><a name=\"hbg\"><\/a><br \/>\n<strong>17.04.2010: Herrenberger Fr\u00fchlingslauf<\/strong><br \/>\nDieses Jahr machte der Fr\u00fchlingslauf seinem Namen alle Ehre, bei angenehmen Temperaturen wurden die L\u00e4ufer auf die anspruchsvolle Strecke geschickt. H\u00e4tte es eine Wertung f\u00fcr die gr\u00f6\u00dfte Gruppe gegeben, w\u00e4re dies der TSV Kuppingen gewesen. 21 L\u00e4ufer\/innen wagten sich an den Hauptlauf und belegten zum Teil Sieger- und Podestpl\u00e4tze in ihren Altersklassen. Au\u00dferdem waren noch 12 Sch\u00fcler bzw. Jugendliche bei den Sch\u00fclerl\u00e4ufen auf der Strecke, auch diese schlugen sich hervorragend, Tobias Kocholl konnte sogar in seinem Lauf als Erster die Zielgerade passieren.<br \/>\n<figure id=\"attachment_1358\" aria-describedby=\"caption-attachment-1358\" style=\"width: 199px\" class=\"wp-caption alignnone\"><a href=\"https:\/\/tsvkuppingen.de\/lauftreff\/site\/wp-content\/uploads\/2010\/01\/Laufspass.jpg\"><img loading=\"lazy\" decoding=\"async\" src=\"https:\/\/tsvkuppingen.de\/lauftreff\/site\/wp-content\/uploads\/2010\/01\/Laufspass-199x300.jpg\" alt=\"Laufen kann so sch\u00f6n sein\" title=\"Laufspass\" width=\"199\" height=\"300\" class=\"size-medium wp-image-1358\" srcset=\"https:\/\/tsvkuppingen.de\/lauftreff\/site\/wp-content\/uploads\/2010\/01\/Laufspass-199x300.jpg 199w, https:\/\/tsvkuppingen.de\/lauftreff\/site\/wp-content\/uploads\/2010\/01\/Laufspass-682x1023.jpg 682w, https:\/\/tsvkuppingen.de\/lauftreff\/site\/wp-content\/uploads\/2010\/01\/Laufspass.jpg 1972w\" sizes=\"auto, (max-width: 199px) 100vw, 199px\" \/><\/a><figcaption id=\"caption-attachment-1358\" class=\"wp-caption-text\">Laufen kann so sch\u00f6n sein<\/figcaption><\/figure><\/p>\n<table style=\"text-align: left; width: 80%;\" border=\"0\\ncellpadding=\"0\" cellspacing=\"0\">\n<tbody>\n<tr>\n<td colspan=\"4\">\n      <strong>15. Herrenberger Fr\u00fchlingslauf \u00fcber 10,3 km<\/strong>\n    <\/td>\n<\/tr>\n<tr>\n<td style=\"width: 10%;\">015<\/td>\n<td style=\"width: 40%;\">Sattler, Rainer<\/td>\n<td style=\"width: 15%;\">0:41:49<\/td>\n<td style=\"width: 15%;\">05 M20<\/td>\n<\/tr>\n<tr>\n<td style=\"width: 10%;\">021<\/td>\n<td style=\"width: 40%;\">Schmid, Andreas<\/td>\n<td style=\"width: 15%;\">0:43:19<\/td>\n<td style=\"width: 15%;\">06 M35<\/td>\n<\/tr>\n<tr>\n<td style=\"width: 10%;\">024<\/td>\n<td style=\"width: 40%;\">Bruckner, Ralf<\/td>\n<td style=\"width: 15%;\">0:43:31<\/td>\n<td style=\"width: 15%;\">02 M45<\/td>\n<\/tr>\n<tr>\n<td style=\"width: 10%;\">025<\/td>\n<td style=\"width: 40%;\">Eckl, Wolfgang<\/td>\n<td style=\"width: 15%;\">0:43:41<\/td>\n<td style=\"width: 15%;\">01 M55<\/td>\n<\/tr>\n<tr>\n<td style=\"width: 10%;\">026<\/td>\n<td style=\"width: 40%;\">Eichler, Georg<\/td>\n<td style=\"width: 15%;\">0:44:02<\/td>\n<td style=\"width: 15%;\">01 MJg<\/td>\n<\/tr>\n<tr>\n<td style=\"width: 10%;\">039<\/td>\n<td style=\"width: 40%;\">Piske, Michael<\/td>\n<td style=\"width: 15%;\">0:45:34<\/td>\n<td style=\"width: 15%;\">01 M60<\/td>\n<\/tr>\n<tr>\n<td style=\"width: 10%;\">040<\/td>\n<td style=\"width: 40%;\">Lissner, Falk<\/td>\n<td style=\"width: 15%;\">0:45:34<\/td>\n<td style=\"width: 15%;\">05 M45<\/td>\n<\/tr>\n<tr>\n<td style=\"width: 10%;\">046<\/td>\n<td style=\"width: 40%;\">Juhasz, Michael<\/td>\n<td style=\"width: 15%;\">0:46:11<\/td>\n<td style=\"width: 15%;\">07 M40<\/td>\n<\/tr>\n<tr>\n<td style=\"width: 10%;\">061<\/td>\n<td style=\"width: 40%;\">Weisse, Markus<\/td>\n<td style=\"width: 15%;\">0:48:04<\/td>\n<td style=\"width: 15%;\">11 M20<\/td>\n<\/tr>\n<tr>\n<td style=\"width: 10%;\">095<\/td>\n<td style=\"width: 40%;\">Groeper, Uta<\/td>\n<td style=\"width: 15%;\">0:51:35<\/td>\n<td style=\"width: 15%;\">01 W35<\/td>\n<\/tr>\n<tr>\n<td style=\"width: 10%;\">096<\/td>\n<td style=\"width: 40%;\">Kopp, Petra<\/td>\n<td style=\"width: 15%;\">0:51:36<\/td>\n<td style=\"width: 15%;\">02 W45<\/td>\n<\/tr>\n<tr>\n<td style=\"width: 10%;\">097<\/td>\n<td style=\"width: 40%;\">K\u00f6ngeter, Bruno<\/td>\n<td style=\"width: 15%;\">0:51:36<\/td>\n<td style=\"width: 15%;\">09 M55<\/td>\n<\/tr>\n<tr>\n<td style=\"width: 10%;\">120<\/td>\n<td style=\"width: 40%;\">Kienle, Matthia<\/td>\n<td style=\"width: 15%;\">0:53:29<\/td>\n<td style=\"width: 15%;\">01 WJg<\/td>\n<\/tr>\n<tr>\n<td style=\"width: 10%;\">135<\/td>\n<td style=\"width: 40%;\">Gugel, Hermann<\/td>\n<td style=\"width: 15%;\">0:54:55<\/td>\n<td style=\"width: 15%;\">12 M55<\/td>\n<\/tr>\n<tr>\n<td style=\"width: 10%;\">168<\/td>\n<td style=\"width: 40%;\">Kohler, Liesel<\/td>\n<td style=\"width: 15%;\">0:59:06<\/td>\n<td style=\"width: 15%;\">04 W50<\/td>\n<\/tr>\n<tr>\n<td style=\"width: 10%;\">169<\/td>\n<td style=\"width: 40%;\">Kopp, Christoph<\/td>\n<td style=\"width: 15%;\">0:59:07<\/td>\n<td style=\"width: 15%;\">20 M50<\/td>\n<\/tr>\n<tr>\n<td style=\"width: 10%;\">170<\/td>\n<td style=\"width: 40%;\">Schuker, Clivia<\/td>\n<td style=\"width: 15%;\">0:59:32<\/td>\n<td style=\"width: 15%;\">03 W40<\/td>\n<\/tr>\n<tr>\n<td style=\"width: 10%;\">182<\/td>\n<td style=\"width: 40%;\">Sautter, Elke<\/td>\n<td style=\"width: 15%;\">1:01:11<\/td>\n<td style=\"width: 15%;\">09 W45<\/td>\n<\/tr>\n<tr>\n<td style=\"width: 10%;\">189<\/td>\n<td style=\"width: 40%;\">Riethm\u00fcller, Elke<\/td>\n<td style=\"width: 15%;\">1:02:24<\/td>\n<td style=\"width: 15%;\">02 WJg<\/td>\n<\/tr>\n<tr>\n<td style=\"width: 10%;\">210<\/td>\n<td style=\"width: 40%;\">Schechinger, Iris<\/td>\n<td style=\"width: 15%;\">1:07:17<\/td>\n<td style=\"width: 15%;\">14 W20<\/td>\n<\/tr>\n<tr>\n<td style=\"width: 10%;\">211<\/td>\n<td style=\"width: 40%;\">Fischer, J\u00f6rg<\/td>\n<td style=\"width: 15%;\">1:07:33<\/td>\n<td style=\"width: 15%;\">01 M65<\/td>\n<\/tr>\n<\/tbody>\n<\/table>\n<table style=\"text-align: left; width: 80%;\" border=\"0\\ncellpadding=\"0\" cellspacing=\"0\">\n<tbody>\n<tr>\n<td colspan=\"4\">\n      <strong>6. Herrenberger Sch\u00fclerlauf \u00fcber 1,3 km<\/strong>\n    <\/td>\n<\/tr>\n<tr>\n<td style=\"width: 10%;\">01<\/td>\n<td style=\"width: 40%;\">Kocholl, Tobias<\/td>\n<td style=\"width: 15%;\">4:21<\/td>\n<td style=\"width: 15%;\">1 M15<\/td>\n<\/tr>\n<tr>\n<td style=\"width: 10%;\">02<\/td>\n<td style=\"width: 40%;\">Kopp, Felix<\/td>\n<td style=\"width: 15%;\">4:35<\/td>\n<td style=\"width: 15%;\">2 M15<\/td>\n<\/tr>\n<tr>\n<td style=\"width: 10%;\">06<\/td>\n<td style=\"width: 40%;\">Eichler, Stephan<\/td>\n<td style=\"width: 15%;\">4:44<\/td>\n<td style=\"width: 15%;\">2 M14<\/td>\n<\/tr>\n<tr>\n<td style=\"width: 10%;\">07<\/td>\n<td style=\"width: 40%;\">Eichler, Chris<\/td>\n<td style=\"width: 15%;\">4:46<\/td>\n<td style=\"width: 15%;\">4 M15<\/td>\n<\/tr>\n<tr>\n<td style=\"width: 10%;\">11<\/td>\n<td style=\"width: 40%;\">Schmid, Julian<\/td>\n<td style=\"width: 15%;\">4:58<\/td>\n<td style=\"width: 15%;\">1 M11<\/td>\n<\/tr>\n<tr>\n<td style=\"width: 10%;\">21<\/td>\n<td style=\"width: 40%;\">Schuker, Lea<\/td>\n<td style=\"width: 15%;\">5:12<\/td>\n<td style=\"width: 15%;\">1 W11<\/td>\n<\/tr>\n<tr>\n<td style=\"width: 10%;\">26<\/td>\n<td style=\"width: 40%;\">Zel\u00dfmann, Christine<\/td>\n<td style=\"width: 15%;\">5:16<\/td>\n<td style=\"width: 15%;\">3 W12<\/td>\n<\/tr>\n<tr>\n<td style=\"width: 10%;\">34<\/td>\n<td style=\"width: 40%;\">K\u00f6stlin, Marie<\/td>\n<td style=\"width: 15%;\">5:27<\/td>\n<td style=\"width: 15%;\">5 W12<\/td>\n<\/tr>\n<tr>\n<td style=\"width: 10%;\">44<\/td>\n<td style=\"width: 40%;\">Sautter, Luca<\/td>\n<td style=\"width: 15%;\">5:43<\/td>\n<td style=\"width: 15%;\">9 M11<\/td>\n<\/tr>\n<\/tbody>\n<\/table>\n<table style=\"text-align: left; width: 80%;\" border=\"0\\ncellpadding=\"0\" cellspacing=\"0\">\n<tbody>\n<tr>\n<td colspan=\"4\">\n      <strong>6. Herrenberger Sch\u00fclerlauf \u00fcber 1,3 km<\/strong>\n    <\/td>\n<\/tr>\n<tr>\n<td style=\"width: 10%;\">10<\/td>\n<td style=\"width: 40%;\">Schmid, Pascal<\/td>\n<td style=\"width: 15%;\">5:18<\/td>\n<td style=\"width: 15%;\">1 M9<\/td>\n<\/tr>\n<tr>\n<td style=\"width: 10%;\">12<\/td>\n<td style=\"width: 40%;\">Zel\u00dfmann, Victoria<\/td>\n<td style=\"width: 15%;\">5:20<\/td>\n<td style=\"width: 15%;\">2 W10<\/td>\n<\/tr>\n<tr>\n<td style=\"width: 10%;\">14<\/td>\n<td style=\"width: 40%;\">Zel\u00dfmann, Matthias<\/td>\n<td style=\"width: 15%;\">5:26<\/td>\n<td style=\"width: 15%;\">8 M10<\/td>\n<\/tr>\n<\/tbody>\n<\/table>\n<p><\/p>\n<hr>\n<p><\/p>\n<p><a name=\"gerlingen\"><\/a><br \/>\n<strong>11.04.2010: 25. Gerlinger Solitudelauf<\/strong><br \/>\nDer Solitudelauf ist ein anspruchsvoller und landschaftlich reizvoller Lauf mit abwechslungsreicher Streckenf\u00fchrung. Gelaufen wird auf breiten, gut pr\u00e4parierten Waldwegen und Asphalt. Michael Piske hat sich tags zuvor noch geschont um beim Halbmarathon fit zu sein, belohnt wurde er wieder einmal mit einem Podestplatz in der Altersklasse. Eigentlich sollte es nur ein Trainingslauf werden. Micha wollte den Halbmarathon gem\u00fctlich als Training f\u00fcr den kommenden W\u00fcrzburg Marathon oder Halbmarathon angehen lassen. Nachdem aber wieder so viele bekannte G\u00e4ustarter am Lauf teilnahmen, war es wohl doch nichts mit dem gem\u00fctlichen Traininglauf. Seine geplante Zeit von 1:45 hat er deutlich unterboten. Das Endergebnis war dann 1:33:28. sowie den  2.Platz in der M 60 und der 85. Platz in der Gesamtwertung von 575 Halbmarathonis.<br \/>\nNachdem Micha seit dem DEE-Firmenlauf eine Betriebssportgruppe (Team 66) gegr\u00fcndet hatte ,die jeden Dienstag nach Feierabend Sommer wie Winter durch die Stuttgarter Schlossgartenanlagen flitzt, werden noch einige Betriebssportler f\u00fcr den TSV laufen. Zum Beispiel Sebastian L\u00fcbbe, der erst seit kurzer Zeit l\u00e4uft, und in diesem Jahr beim 10 Km Lauf in Gerlingen f\u00fcr den TSV eine Zeit von 47:39 absolvierte. Das ergab einen ausgezeichneten 190. Platz in der Gesamtwertung von 598 Teilnehmern und einen 17.Platz in der Altersklasse M 35. Leider konnte ein weiterer Kollege, R\u00fcdiger G\u00f6ser, der auch f\u00fcr den TSV Kuppingen starten wollte, nicht teilnehmen.<br \/>\n<a href=\"https:\/\/tsvkuppingen.de\/lauftreff\/site\/wp-content\/uploads\/2010\/01\/Trainigsl\u00e4ufer.jpg\"><img loading=\"lazy\" decoding=\"async\" src=\"https:\/\/tsvkuppingen.de\/lauftreff\/site\/wp-content\/uploads\/2010\/01\/Trainigsl\u00e4ufer-300x225.jpg\" alt=\"Laufkollegen\" title=\"Laufkollegen\" width=\"300\" height=\"225\" class=\"alignnone size-medium wp-image-1351\" srcset=\"https:\/\/tsvkuppingen.de\/lauftreff\/site\/wp-content\/uploads\/2010\/01\/Trainigsl\u00e4ufer-300x225.jpg 300w, https:\/\/tsvkuppingen.de\/lauftreff\/site\/wp-content\/uploads\/2010\/01\/Trainigsl\u00e4ufer-1024x768.jpg 1024w, https:\/\/tsvkuppingen.de\/lauftreff\/site\/wp-content\/uploads\/2010\/01\/Trainigsl\u00e4ufer.jpg 1600w\" sizes=\"auto, (max-width: 300px) 100vw, 300px\" \/><\/a><\/p>\n<p><\/p>\n<hr>\n<p><\/p>\n<p><a name=\"ruppi\"><\/a><br \/>\n<strong>03.04.2010: 36. Ruppichterother Osterlauf<\/strong><br \/>\nAm Karsamstag war Alexander Roth f\u00fcr den TSV Kuppingen beim Ruppichterother Osterlauf  am Start, er lief dabei eine wirklich bombastische Zeit und konnte sich damit aufs Siegertreppchen der Altersklasse M45 stellen, nur 21 Sekunden trennten ihn von einem Podestplatz in der Gesamtwertung.<\/p>\n<table style=\"text-align: left; width: 80%;\" border=\"0\\ncellpadding=\" cellspacing=\"0\">\n<tbody>\n<\/tr>\n<tr>\n<td style=\"width: 10%;\">4.<\/td>\n<td style=\"width: 40%;\">Roth, Alexander<\/td>\n<td style=\"width: 15%;\">1:22:10<\/td>\n<td style=\"width: 15%;\">1. M40<\/td>\n<\/tr>\n<\/tbody>\n<\/table>\n<p><\/p>\n<hr>\n<p><\/p>\n<p><a name=\"freiburg\"><\/a><br \/>\n<strong>27.03.2010: Freiburg Marathon<\/strong><br \/>\nKaum gibt es die ersten Sonnenstrahlen sind unsere L\u00e4ufer wieder bei gro\u00dfen Events unterwegs,<br \/>\nUta Groeper hat uns in Freiburg vertreten, bei ihrem zweiten Marathon blieb sie auf der windanf\u00e4lligen und unebenen Strecke unter vier Stunden, das bedeutete exakt 3:59:31.<\/p>\n<p><\/p>\n<hr>\n<p><\/p>\n<p><a name=\"kiebingen\"><\/a><br \/>\n<strong>27.03.2010: Osterlauf in Kiebingen<\/strong><br \/>\nGerade richtig lag f\u00fcr Volker Kapp, zwei Wochen nach dem Bienwald-Marathon und drei Wochen vor den deutschen Stra\u00dfenlaufmeisterschaften am 27. M\u00e4rz, der Osterlauf in Kiebingen bei Rottenburg. Auf der ultraflachen, aber windanf\u00e4lligen, vermessenen 10km-Strecke konnte er als einziger G\u00e4ustarter in einem hochkar\u00e4tig besetzten Feld mit 36:19 seine derzeit gute Form unter Beweis stellen. 440 Teilnehmer erreichten das Ziel. Dabei platzierte sich Volker als gesamt 27, das bedeutete Platz 6 in der M45.\u00a0<\/p>\n<p><\/p>\n<hr>\n<p><\/p>\n<p><a name=\"magstadt\"><\/a><br \/>\n<strong>21.03.2010: Magstadtlauf<\/strong><br \/>\nBeim letzten Lauf der Winterlauf-Serie hatten die Kuppinger in den Altersklassen oft die Nase vorn.<\/p>\n<p>Angefangen haben die J\u00fcngsten damit. Pascal Schmid siegte mit 4:06 min souver\u00e4n \u00fcber 1000 m bei den Sch\u00fclern D. Lea Schuker sprintete in 4:07 min als zweite bei den Sch\u00fclerinnen C \u00fcber die Ziellinie, ebenfalls nach 1000 m. Julian Schmid komplettierte den Sch\u00fclererfolg bei den Jungs der Klasse C mit einem dritten Rang in 3:57min. Schade dabei war nur, dass die Wertung der L\u00e4ufe C und D nachher zusammengelegt wurde und Pascal nicht aufs Treppchen steigen durfte.<\/p>\n<figure id=\"attachment_1307\" aria-describedby=\"caption-attachment-1307\" style=\"width: 300px\" class=\"wp-caption alignnone\"><a href=\"https:\/\/tsvkuppingen.de\/lauftreff\/site\/wp-content\/uploads\/2010\/01\/Magstadt10.JPG\"><img loading=\"lazy\" decoding=\"async\" src=\"https:\/\/tsvkuppingen.de\/lauftreff\/site\/wp-content\/uploads\/2010\/01\/Magstadt10-300x200.jpg\" alt=\"Lea Schuker, Pascal und Julian Schmid mit ihren Medaillen\" title=\"Magstadt10\" width=\"300\" height=\"200\" class=\"size-medium wp-image-1307\" srcset=\"https:\/\/tsvkuppingen.de\/lauftreff\/site\/wp-content\/uploads\/2010\/01\/Magstadt10-300x200.jpg 300w, https:\/\/tsvkuppingen.de\/lauftreff\/site\/wp-content\/uploads\/2010\/01\/Magstadt10.JPG 640w\" sizes=\"auto, (max-width: 300px) 100vw, 300px\" \/><\/a><figcaption id=\"caption-attachment-1307\" class=\"wp-caption-text\">Lea Schuker, Pascal und Julian Schmid mit ihren Medaillen<\/figcaption><\/figure>\n<p>Bei den Erwachsenen gingen insgesamt neun L\u00e4ufer an den Start. F\u00fcnf davon auf die 10,5 km Strecke, darunter auch Uta Groeper als einzige Kuppingerin. Locker l\u00e4chelnd lief sie in 52:33 min auf den zweiten Platz der Altersklasse W35. Wie zu erwarten war, gewannen auch Wolfgang Eckl und Michael Piske unter ihren Altersgenossen. Andreas Schmid war auch wieder in guter Form und war \u00fcber seine Zeit von 43:10 sehr erfreut.<\/p>\n<p>Vier L\u00e4ufer absolvierten den Halbmarathon und liefen den anspruchsvollen Rundkurs zwei mal ab. Das \u201eThomas-Trio\u201c, bestehend aus Schuker, W\u00f6rner und Lohrer waren nach dem Lauf allesamt mit zufriedenen Gesichtern zu sehen. Thomas Schuker mit 1:41 h als schnellster Kuppinger, Thomas W\u00f6rner als zweiter der Altersklasse M19 und Thomas Lohrer mit 1:47 h, ob sich da schon das Intervall-Training auszahlt? Der Trainer Klaus Wunschik, derzeit aus beruflichen Gr\u00fcnden im Trainingsr\u00fcckstand, begleitete Thomas W\u00f6rner und brachte ihn strahlend ins Ziel.<\/p>\n<p>Die L\u00e4ufer, die alle drei L\u00e4ufe der Serie durchgestanden haben, erhielten zur Entspannung einen Gutschein f\u00fcr die B\u00f6blinger Mineraltherme. <\/p>\n<table style=\"text-align: left; width: 80%;\" border=\"0\\ncellpadding=\"0\" cellspacing=\"0\">\n<tbody>\n<tr>\n<td colspan=\"4\">\n      <strong>Hauptlauf \u00fcber 10,5 km<\/strong>\n    <\/td>\n<\/tr>\n<tr>\n<td style=\"width: 10%;\">052.<\/td>\n<td style=\"width: 40%;\">Schmid, Andreas<\/td>\n<td style=\"width: 15%;\">43:10<\/td>\n<td style=\"width: 15%;\">6. M35<\/td>\n<\/tr>\n<tr>\n<td style=\"width: 10%;\">053.<\/td>\n<td style=\"width: 40%;\">Eckl, Wolfgang<\/td>\n<td style=\"width: 15%;\">43:20<\/td>\n<td style=\"width: 15%;\">1. M55<\/td>\n<\/tr>\n<tr>\n<td style=\"width: 10%;\">093.<\/td>\n<td style=\"width: 40%;\">Piske, Michael<\/td>\n<td style=\"width: 15%;\">46:49<\/td>\n<td style=\"width: 15%;\">1. M60<\/td>\n<\/tr>\n<tr>\n<td style=\"width: 10%;\">173.<\/td>\n<td style=\"width: 40%;\">K\u00f6ngeter, Bruno<\/td>\n<td style=\"width: 15%;\">52:06<\/td>\n<td style=\"width: 15%;\">8. M55<\/td>\n<\/tr>\n<tr>\n<td style=\"width: 10%;\">181.<\/td>\n<td style=\"width: 40%;\">Groeper, Uta<\/td>\n<td style=\"width: 15%;\">52:33<\/td>\n<td style=\"width: 15%;\">2. W35<\/td>\n<\/tr>\n<\/tbody>\n<\/table>\n<table style=\"text-align: left; width: 80%;\" border=\"0\\ncellpadding=\"0\" cellspacing=\"0\">\n<tbody>\n<tr>\n<td colspan=\"4\">\n      <strong><br \/>\n Halbmarathon<\/strong>\n    <\/td>\n<\/tr>\n<tr>\n<td style=\"width: 10%;\">080.<\/td>\n<td style=\"width: 40%;\">Schuker, Thomas<\/td>\n<td style=\"width: 15%;\">1:41:25<\/td>\n<td style=\"width: 15%;\">14. M40<\/td>\n<\/tr>\n<tr>\n<td style=\"width: 10%;\">089.<\/td>\n<td style=\"width: 40%;\">W\u00f6rner, Thomas<\/td>\n<td style=\"width: 15%;\">1:43:01<\/td>\n<td style=\"width: 15%;\">02. M19<\/td>\n<\/tr>\n<tr>\n<td style=\"width: 10%;\">090.<\/td>\n<td style=\"width: 40%;\">Wunschik, Klaus<\/td>\n<td style=\"width: 15%;\">1:43:02<\/td>\n<td style=\"width: 15%;\">17. M40<\/td>\n<\/tr>\n<tr>\n<td style=\"width: 10%;\">127.<\/td>\n<td style=\"width: 40%;\">Lohrer, Thomas<\/td>\n<td style=\"width: 15%;\">1:47:39<\/td>\n<td style=\"width: 15%;\">27. M40<\/td>\n<\/tr>\n<\/tbody>\n<\/table>\n<table style=\"text-align: left; width: 80%;\" border=\"0\\ncellpadding=\"0\" cellspacing=\"0\">\n<tbody>\n<tr>\n<td colspan=\"4\">\n      <strong><br \/>\n Sch\u00fclerl\u00e4ufe \u00fcber 1.000m<\/strong>\n    <\/td>\n<\/tr>\n<tr>\n<td style=\"width: 10%;\">3.<\/td>\n<td style=\"width: 40%;\">Schuker, Lea<\/td>\n<td style=\"width: 15%;\">4:07<\/td>\n<td style=\"width: 15%;\">3. WCD<\/td>\n<\/tr>\n<tr>\n<td style=\"width: 10%;\">3.<\/td>\n<td style=\"width: 40%;\">Schmid, Julian<\/td>\n<td style=\"width: 15%;\">3:57<\/td>\n<td style=\"width: 15%;\">3. MCD<\/td>\n<\/tr>\n<tr>\n<td style=\"width: 10%;\">4.<\/td>\n<td style=\"width: 40%;\">Schmid, Pascal<\/td>\n<td style=\"width: 15%;\">4:06<\/td>\n<td style=\"width: 15%;\">4. MCD<\/td>\n<\/tr>\n<\/tbody>\n<\/table>\n<p><\/p>\n<hr>\n<p><\/p>\n<p><a name=\"kandel\"><\/a><br \/>\n<strong>14.03.2010: Bienwald Marathon Kandel<\/strong><br \/>\nDie Vorbereitung der letzten Wochen und Monate bei Eis, Schnee und K\u00e4lte hat sich ausgezahlt, Volker Kapp hat sein Ziel von 3 Stunden unterboten und ist bei 5 Grad und k\u00fchlem Wind sehr gut in die Saison gestartet. Jetzt m\u00f6chte er seine gute Form bis zu den Stra\u00dfenlaufmeisterschaften der Senioren halten.<\/p>\n<table style=\"text-align: left; width: 80%;\" border=\"0\\ncellpadding=\" cellspacing=\"0\">\n<tbody>\n<tr>\n<td style=\"width: 10%;\">47.<\/td>\n<td style=\"width: 40%;\">Kapp, Volker<\/td>\n<td style=\"width: 15%;\">2:59:32<\/td>\n<td style=\"width: 15%;\">12. M45<\/td>\n<\/tr>\n<\/tbody>\n<\/table>\n<p><\/p>\n<hr>\n<p><\/p>\n<p><a name=\"sifi\"><\/a><br \/>\n<strong>21.02.2010: Sindelfinger Glaspalastlauf<\/strong><\/p>\n<p>Der zweite Teil der Winterlauf-Serie stand am vergangenen Sonntag f\u00fcr die L\u00e4ufer vom TSV Lauftreff auf dem Programm. Am Sindelfinger Glaspalast galt es 10 km auf der kurzfristig ge\u00e4nderten Strecke zu absolvieren. Der n\u00e4chtliche Schneefall hatte die Veranstalter kr\u00e4ftig ins Schwitzen gebracht. Die Strecke, zwei m\u00fchsam und gut frei geschaufelte Runden, waren teilweise ziemlich rutschig und erforderte hohe Konzentration von den L\u00e4ufern. Unter die Kuppinger M\u00e4nner, mischte sich als einzige Frau Uta Groeper. Bereits am Start gut drauf und begeistert vom Neuschnee ging sie ins Rennen. \u201eDas ist doch voll sch\u00f6n\u201c, schw\u00e4rmt Uta beim Blick auf den zugeschneiten Wald. Zwar blieb sie mit 52:18 min unter ihrer anvisierten Zeit, schaffte aber dennoch den 3. Platz in ihrer Altersklasse W35.<br \/>\nUnter den acht gestarteten M\u00e4nnern des TSVs waren wieder einmal Michael Piske (46:42, M60) und Wolfgang Eckl (43:23, M55) Sieger ihrer Altersklassen. Zu gro\u00df war die Konkurrenz in der Altersklasse M35. TSV Neuzugang Andreas Schmid erreichte mit 43:37 den 15. Platz unter den Gleichaltrigen.<br \/>\nBei den Sch\u00fclerl\u00e4ufen starteten Lea Schuker und die Br\u00fcder Pascal und Julian Schmid jeweils \u00fcber 1000 m. Lea freute sich \u00fcber ihren zweiten Platz in der W11 und die gewonnene Lauf-M\u00fctze. Pascal, Sieger der M9, ging mit einer Freikarte f\u00fcr das Sensapolis nach Hause.<\/p>\n<figure id=\"attachment_1279\" aria-describedby=\"caption-attachment-1279\" style=\"width: 320px\" class=\"wp-caption alignnone\"><img loading=\"lazy\" decoding=\"async\" class=\"size-full wp-image-1279\" title=\"Uta Sindelfingen\" src=\"https:\/\/tsvkuppingen.de\/lauftreff\/site\/wp-content\/uploads\/2010\/01\/Uta-Sindelfingen.JPG\" alt=\"Uta Sindelfingen\" width=\"320\" height=\"480\" srcset=\"https:\/\/tsvkuppingen.de\/lauftreff\/site\/wp-content\/uploads\/2010\/01\/Uta-Sindelfingen.JPG 320w, https:\/\/tsvkuppingen.de\/lauftreff\/site\/wp-content\/uploads\/2010\/01\/Uta-Sindelfingen-200x300.jpg 200w\" sizes=\"auto, (max-width: 320px) 100vw, 320px\" \/><figcaption id=\"caption-attachment-1279\" class=\"wp-caption-text\">Uta Groeper vertritt die Kuppingerinnen<\/figcaption><\/figure>\n<table style=\"text-align: left; width: 80%;\" border=\"0\\ncellpadding=\" cellspacing=\"0\">\n<tbody>\n<tr>\n<td colspan=\"4\"><strong>Hauptlauf \u00fcber 9,8 km<\/strong><\/td>\n<\/tr>\n<tr>\n<td style=\"width: 10%;\">080<\/td>\n<td style=\"width: 40%;\">Eckl, Wolfgang<\/td>\n<td style=\"width: 15%;\">0:43:23<\/td>\n<td style=\"width: 15%;\">01 M55<\/td>\n<\/tr>\n<tr>\n<td style=\"width: 10%;\">083<\/td>\n<td style=\"width: 40%;\">Schmid, Andreas<\/td>\n<td style=\"width: 15%;\">0:43:37<\/td>\n<td style=\"width: 15%;\">15 M35<\/td>\n<\/tr>\n<tr>\n<td style=\"width: 10%;\">146<\/td>\n<td style=\"width: 40%;\">Piske, Michael<\/td>\n<td style=\"width: 15%;\">0:46:42<\/td>\n<td style=\"width: 15%;\">01 M60<\/td>\n<\/tr>\n<tr>\n<td style=\"width: 10%;\">192<\/td>\n<td style=\"width: 40%;\">Schuker, Thomas<\/td>\n<td style=\"width: 15%;\">0:48:45<\/td>\n<td style=\"width: 15%;\">42 M40<\/td>\n<\/tr>\n<tr>\n<td style=\"width: 10%;\">261<\/td>\n<td style=\"width: 40%;\">L\u00fcbbe, Sebastian<\/td>\n<td style=\"width: 15%;\">0:51:27<\/td>\n<td style=\"width: 15%;\">43 M35<\/td>\n<\/tr>\n<tr>\n<td style=\"width: 10%;\">281<\/td>\n<td style=\"width: 40%;\">Groeper, Uta<\/td>\n<td style=\"width: 15%;\">0:52:18<\/td>\n<td style=\"width: 15%;\">03 W35<\/td>\n<\/tr>\n<tr>\n<td style=\"width: 10%;\">302<\/td>\n<td style=\"width: 40%;\">Lohrer, Thomas<\/td>\n<td style=\"width: 15%;\">0:53:09<\/td>\n<td style=\"width: 15%;\">62 M40<\/td>\n<\/tr>\n<tr>\n<td style=\"width: 10%;\">349<\/td>\n<td style=\"width: 40%;\">K\u00f6ngeter, Bruno<\/td>\n<td style=\"width: 15%;\">0:54:59<\/td>\n<td style=\"width: 15%;\">14 M55<\/td>\n<\/tr>\n<tr>\n<td style=\"width: 10%;\">458<\/td>\n<td style=\"width: 40%;\">Pioch, Joachim<\/td>\n<td style=\"width: 15%;\">1:01:11<\/td>\n<td style=\"width: 15%;\">66 M45<\/td>\n<\/tr>\n<\/tbody>\n<\/table>\n<table style=\"text-align: left; width: 80%;\" border=\"0\\ncellpadding=\" cellspacing=\"0\">\n<tbody>\n<tr>\n<td colspan=\"4\"><strong>Sch\u00fclerlauf \u00fcber 1,0 km<\/strong><\/td>\n<\/tr>\n<tr>\n<td style=\"width: 10%;\">1<\/td>\n<td style=\"width: 40%;\">Schmid, Pascal<\/td>\n<td style=\"width: 15%;\">6:05<\/td>\n<td style=\"width: 15%;\">1 M 9<\/td>\n<\/tr>\n<tr>\n<td style=\"width: 10%;\">5<\/td>\n<td style=\"width: 40%;\">Schmid, Julian<\/td>\n<td style=\"width: 15%;\">5:45<\/td>\n<td style=\"width: 15%;\">5 M11<\/td>\n<\/tr>\n<tr>\n<td style=\"width: 10%;\">2<\/td>\n<td style=\"width: 40%;\">Schuker, Lea<\/td>\n<td style=\"width: 15%;\">6:01<\/td>\n<td style=\"width: 15%;\">2 W11<\/td>\n<\/tr>\n<\/tbody>\n<\/table>\n<p><\/p>\n<hr>\n<p><\/p>\n<p><a name=\"grafenau\"><\/a><br \/>\n<strong>06.01.2010: 3. Grafenauer Dreik\u00f6nigslauf<\/strong><br \/>\nBeim Grafenauer Dreik\u00f6nigslauf gab es f\u00fcr den TSV Kuppingen nur zufriedene Gesichter. Au\u00dfer Michael, der beim ersten Lauf 2008 ein wenig schneller lief, gab es pers\u00f6nliche Bestzeiten. F\u00fcr Thomas Schuker war es der erste Grafenauer Dreik\u00f6nigslauf.<br \/>\nUta verbesserte sich gegen\u00fcber dem Vorjahr um fast 8 Minuten, damit erreichte sie einen Podiumsplatz. Unsere beiden Oldies belegten in M 55 und M 60 jeweils den ersten Platz in ihrer Altersklasse. Bei den Sch\u00fclerl\u00e4ufen belegten Pascal und Julian Schmid jeweils einen hervorragenden 4. Platz in den Klassen M 9 und M 11. Herzlichen Gl\u00fcckwunsch f\u00fcr die erbrachten Leistungen.<\/p>\n<table style=\"text-align: left; width: 80%;\" border=\"0\\ncellpadding=\" cellspacing=\"0\">\n<tbody>\n<tr>\n<td colspan=\"4\">Sch\u00fclerl\u00e4ufe \u00fcber 900m<\/td>\n<\/tr>\n<tr>\n<td style=\"width: 10%;\">4.<\/td>\n<td style=\"width: 40%;\">Schmid, Pascal<\/td>\n<td style=\"width: 15%;\">0:03:54<\/td>\n<td style=\"width: 15%;\">4. M9<\/td>\n<\/tr>\n<tr>\n<td style=\"width: 10%;\">4.<\/td>\n<td style=\"width: 40%;\">Schmid, Julian<\/td>\n<td style=\"width: 15%;\">0:03:36<\/td>\n<td style=\"width: 15%;\">4. M11<\/td>\n<\/tr>\n<\/tbody>\n<\/table>\n<table style=\"text-align: left; width: 80%;\" border=\"0\\ncellpadding=\" cellspacing=\"0\">\n<tbody>\n<tr>\n<td colspan=\"4\">Hauptlauf \u00fcber 10,1 km<\/td>\n<\/tr>\n<tr>\n<td style=\"width: 10%;\">42.<\/td>\n<td style=\"width: 40%;\">Eckl, Wolfgang<\/td>\n<td style=\"width: 15%;\">0:42:35<\/td>\n<td style=\"width: 15%;\">1. M55<\/td>\n<\/tr>\n<tr>\n<td style=\"width: 10%;\">116.<\/td>\n<td style=\"width: 40%;\">Schuker, Thomas<\/td>\n<td style=\"width: 15%;\">0:45:54<\/td>\n<td style=\"width: 15%;\">24. M40<\/td>\n<\/tr>\n<tr>\n<td style=\"width: 10%;\">132.<\/td>\n<td style=\"width: 40%;\">Piske, Michael<\/td>\n<td style=\"width: 15%;\">0:46:42<\/td>\n<td style=\"width: 15%;\">1. M60<\/td>\n<\/tr>\n<tr>\n<td style=\"width: 10%;\">219.<\/td>\n<td style=\"width: 40%;\">K\u00f6ngeter, Bruno<\/td>\n<td style=\"width: 15%;\">0:50:34<\/td>\n<td style=\"width: 15%;\">11. M55<\/td>\n<\/tr>\n<tr>\n<td style=\"width: 10%;\">243.<\/td>\n<td style=\"width: 40%;\">Lohrer, Thomas<\/td>\n<td style=\"width: 15%;\">0:51:26<\/td>\n<td style=\"width: 15%;\">52. M40<\/td>\n<\/tr>\n<tr>\n<td style=\"width: 10%;\">260.<\/td>\n<td style=\"width: 40%;\">Groeper, Uta<\/td>\n<td style=\"width: 15%;\">0:51:57<\/td>\n<td style=\"width: 15%;\">3. W35<\/td>\n<\/tr>\n<\/tbody>\n<\/table>\n","protected":false},"excerpt":{"rendered":"<p>25. April 2010 Kreis-Crosslaufmeisterschaften in Waldenbuch Wer am vergangenen Sonntag zu Meister-Ehren kommen wollte, der musste nach Waldenbuch\u00a0fahren. Zu den Ergebnissen 25. April 2010 19. Kayher Kirschbl\u00fctenlauf Wieder gute Zeiten f\u00fcr den TSV beim 19.Kayher Kirschbl\u00fctenlauf. Zu den Ergebnissen 18. April 2010 4. Fischermans Friend StrongManRun Wem laufen alleine zu langweilig ist, wer gerne \u00fcber [&hellip;]<\/p>\n","protected":false},"author":2,"featured_media":0,"parent":2845,"menu_order":98,"comment_status":"open","ping_status":"open","template":"","meta":{"ngg_post_thumbnail":0,"footnotes":""},"class_list":["post-1206","page","type-page","status-publish","hentry"],"_links":{"self":[{"href":"https:\/\/tsvkuppingen.de\/lauftreff\/site\/index.php?rest_route=\/wp\/v2\/pages\/1206","targetHints":{"allow":["GET"]}}],"collection":[{"href":"https:\/\/tsvkuppingen.de\/lauftreff\/site\/index.php?rest_route=\/wp\/v2\/pages"}],"about":[{"href":"https:\/\/tsvkuppingen.de\/lauftreff\/site\/index.php?rest_route=\/wp\/v2\/types\/page"}],"author":[{"embeddable":true,"href":"https:\/\/tsvkuppingen.de\/lauftreff\/site\/index.php?rest_route=\/wp\/v2\/users\/2"}],"replies":[{"embeddable":true,"href":"https:\/\/tsvkuppingen.de\/lauftreff\/site\/index.php?rest_route=%2Fwp%2Fv2%2Fcomments&post=1206"}],"version-history":[{"count":34,"href":"https:\/\/tsvkuppingen.de\/lauftreff\/site\/index.php?rest_route=\/wp\/v2\/pages\/1206\/revisions"}],"predecessor-version":[{"id":7906,"href":"https:\/\/tsvkuppingen.de\/lauftreff\/site\/index.php?rest_route=\/wp\/v2\/pages\/1206\/revisions\/7906"}],"up":[{"embeddable":true,"href":"https:\/\/tsvkuppingen.de\/lauftreff\/site\/index.php?rest_route=\/wp\/v2\/pages\/2845"}],"wp:attachment":[{"href":"https:\/\/tsvkuppingen.de\/lauftreff\/site\/index.php?rest_route=%2Fwp%2Fv2%2Fmedia&parent=1206"}],"curies":[{"name":"wp","href":"https:\/\/api.w.org\/{rel}","templated":true}]}}