{"id":1614,"date":"2010-10-19T09:37:57","date_gmt":"2010-10-19T07:37:57","guid":{"rendered":"http:\/\/tsvkuppingen.de\/lauftreff\/site\/?page_id=1614"},"modified":"2019-09-20T22:36:04","modified_gmt":"2019-09-20T20:36:04","slug":"06-11-2010","status":"publish","type":"page","link":"https:\/\/tsvkuppingen.de\/lauftreff\/site\/?page_id=1614","title":{"rendered":"06.11.2010"},"content":{"rendered":"<p><strong>Laufabzeichen und Saisonabschluss<\/strong><\/p>\n<p>Am vergangenen Samstag wurde bei guten Lauftemperaturen das Laufabzeichen abgenommen, zahlreiche L\u00e4ufer machten sich auf die angebotenen Strecken, wobei die Streckenl\u00e4nge unwichtig war, es z\u00e4hlte alleine die Zeit. 30\/60\/90 oder 120 Minuten konnte gelaufen werden. Stark vertreten waren die Lauftreff-Kids. Diese waren:<br \/>\n<strong>30 Minuten:<\/strong> Hannah Koch, Bastian Groeper, Pascal Schmid, Maximilian Maier, Victoria Zel\u00dfmann, Matthias Zel\u00dfmann, Christine Zel\u00dfmann, Dominique St\u00fcmpel, Chantal St\u00fcmpel<br \/>\n<strong>60 Minuten:<\/strong> Ann-Madleen Speer, Lea Schuker<br \/>\n<strong>90 Minuten:<\/strong> Julian Schmid<\/p>\n<p>Am Abend bei der Saisonabschlussfeier wurden dann die Laufabzeichen \u00fcberreicht. Traditionell wird  bei dieser Veranstaltung auch das Marathonabzeichen an die Marathondeb\u00fctanten \u00fcbergeben. Kaum ein Jahr vergeht, an dem kein TSV L\u00e4ufer sich in den Kreis der Marathonl\u00e4ufer einreiht. Diesmal war es Uta Groeper, sie lief ihren ersten Marathon im Fr\u00fchjahr in Freiburg und lief dort auch gleich unter vier Stunden. Bei der diesj\u00e4hrigen Saisonabschlussfeier wurde auch das Sportabzeichen \u00fcberreicht, dieses wurde bereits im Sommer von Thomas Schuker und Gisela Funk abgenommen, dabei ist nicht nur Laufen erforderlich, sondern auch Wurf- und Sprungdisziplinen sind gefordert, einige Kuppinger trauten sich und wurden mit dem Sportabzeichen geehrt,  aber es d\u00fcrfen in der kommenden Saison gerne noch mehr werden.<\/p>\n<div id=\"attachment_1658\" style=\"width: 210px\" class=\"wp-caption alignnone\"><a href=\"https:\/\/tsvkuppingen.de\/lauftreff\/site\/wp-content\/uploads\/2010\/10\/Uta.JPG\"><img loading=\"lazy\" decoding=\"async\" aria-describedby=\"caption-attachment-1658\" src=\"https:\/\/tsvkuppingen.de\/lauftreff\/site\/wp-content\/uploads\/2010\/10\/Uta-200x300.jpg\" alt=\"Uta mit ihren sportlichen Lorbeeren\" title=\"Uta\" width=\"200\" height=\"300\" class=\"size-medium wp-image-1658\" srcset=\"https:\/\/tsvkuppingen.de\/lauftreff\/site\/wp-content\/uploads\/2010\/10\/Uta-200x300.jpg 200w, https:\/\/tsvkuppingen.de\/lauftreff\/site\/wp-content\/uploads\/2010\/10\/Uta.JPG 320w\" sizes=\"auto, (max-width: 200px) 100vw, 200px\" \/><\/a><p id=\"caption-attachment-1658\" class=\"wp-caption-text\">Uta mit ihren sportlichen Lorbeeren<\/p><\/div>\n","protected":false},"excerpt":{"rendered":"<p>Laufabzeichen und Saisonabschluss Am vergangenen Samstag wurde bei guten Lauftemperaturen das Laufabzeichen abgenommen, zahlreiche L\u00e4ufer machten sich auf die angebotenen Strecken, wobei die Streckenl\u00e4nge unwichtig war, es z\u00e4hlte alleine die Zeit. 30\/60\/90 oder 120 Minuten konnte gelaufen werden. Stark vertreten waren die Lauftreff-Kids. Diese waren: 30 Minuten: Hannah Koch, Bastian Groeper, Pascal Schmid, Maximilian Maier, [&hellip;]<\/p>\n","protected":false},"author":2,"featured_media":0,"parent":32,"menu_order":99710000,"comment_status":"open","ping_status":"open","template":"","meta":{"ngg_post_thumbnail":0,"footnotes":""},"class_list":["post-1614","page","type-page","status-publish","hentry"],"_links":{"self":[{"href":"https:\/\/tsvkuppingen.de\/lauftreff\/site\/index.php?rest_route=\/wp\/v2\/pages\/1614","targetHints":{"allow":["GET"]}}],"collection":[{"href":"https:\/\/tsvkuppingen.de\/lauftreff\/site\/index.php?rest_route=\/wp\/v2\/pages"}],"about":[{"href":"https:\/\/tsvkuppingen.de\/lauftreff\/site\/index.php?rest_route=\/wp\/v2\/types\/page"}],"author":[{"embeddable":true,"href":"https:\/\/tsvkuppingen.de\/lauftreff\/site\/index.php?rest_route=\/wp\/v2\/users\/2"}],"replies":[{"embeddable":true,"href":"https:\/\/tsvkuppingen.de\/lauftreff\/site\/index.php?rest_route=%2Fwp%2Fv2%2Fcomments&post=1614"}],"version-history":[{"count":8,"href":"https:\/\/tsvkuppingen.de\/lauftreff\/site\/index.php?rest_route=\/wp\/v2\/pages\/1614\/revisions"}],"predecessor-version":[{"id":7965,"href":"https:\/\/tsvkuppingen.de\/lauftreff\/site\/index.php?rest_route=\/wp\/v2\/pages\/1614\/revisions\/7965"}],"up":[{"embeddable":true,"href":"https:\/\/tsvkuppingen.de\/lauftreff\/site\/index.php?rest_route=\/wp\/v2\/pages\/32"}],"wp:attachment":[{"href":"https:\/\/tsvkuppingen.de\/lauftreff\/site\/index.php?rest_route=%2Fwp%2Fv2%2Fmedia&parent=1614"}],"curies":[{"name":"wp","href":"https:\/\/api.w.org\/{rel}","templated":true}]}}