{"id":89,"date":"2009-05-11T21:46:33","date_gmt":"2009-05-11T19:46:33","guid":{"rendered":"http:\/\/tsvkuppingen.de\/lauftreff\/site\/?page_id=89"},"modified":"2026-08-01T20:15:51","modified_gmt":"2026-08-01T18:15:51","slug":"geschichte-und-ziele","status":"publish","type":"page","link":"https:\/\/tsvkuppingen.de\/lauftreff\/site\/?page_id=89","title":{"rendered":"Geschichte und Ziele"},"content":{"rendered":"<p>Es waren einmal im vergangenen Jahrtausend zwei junge M\u00e4nner von unterschiedlicher Gestalt, jedoch mit gleichem Ansinnen. Der eine hiess <strong>Markus<\/strong>, der andere ward <strong>Albrecht<\/strong> genannt. Beide kannten einander von der Not der t\u00e4glichen Arbeit. Und so sassen sie zusammen und \u00fcberlegten, wie es denn gel\u00e4nge, den Kuppinger Mondf\u00e4ngern schnellere Beine zu verschaffen. Nach vielen Wochen des Nachdenkens hatten sie die Idee, die willigen L\u00e4ufer und L\u00e4uferinnen um sich zu scharen und einen Lauftreff zu gr\u00fcnden.<\/p>\n<p>&nbsp;<\/p>\n<table border=\"0\" width=\"584\" cellspacing=\"4\" cellpadding=\"10\">\n<tbody>\n<tr style=\"background-color: #ddddff;\">\n<td style=\"text-align: right; vertical-align: top;\" width=\"130\"><span style=\"color: #ff0000;\"><strong>26. November 1993<\/strong><\/span><\/td>\n<td valign=\"middle;\"><span style=\"color: #ff0000;\"><strong>Gr\u00fcndung der Abteilung Lauftreff<\/strong><\/span><br \/>\n<strong>Markus Speer<\/strong> &#8211; Abteilungsleiter<br \/>\n<strong>Albrecht Mayer<\/strong> &#8211; stv. Abteilungsleiter und Presse<br \/>\nErich Sp\u00f6hrer &#8211; Sportwart-Breitensport<br \/>\nLothar Schwochow &#8211; Sportwart-Wettkampfsport<br \/>\nIngrid Creyaufm\u00fcller \u2013 Finanzen<br \/>\nConny Schmidt \u2013 Schriftf\u00fchrerin<br \/>\nHeidrun Borkhardt \u2013 Beisitzerin<br \/>\nGisela Hlawinka \u2013 Beisitzerin<br \/>\nMonika Kazirsch \u2013 Beisitzerin<br \/>\nPeter Marquardt \u2013 Beisitzer<br \/>\nErich Kienle \u2013 Beisitzer<\/td>\n<\/tr>\n<tr>\n<td style=\"text-align: right; vertical-align: top;\" width=\"120\">17. Januar <strong>1994<\/strong><\/td>\n<td valign=\"top\"><strong>1. Abteilungsrat-Sitzung<\/strong><\/td>\n<\/tr>\n<tr>\n<td style=\"text-align: right; vertical-align: top;\" width=\"120\">16. April 1994<\/td>\n<td valign=\"top\"><strong>1. Anf\u00e4nger-Laufkurs<\/strong><\/td>\n<\/tr>\n<tr>\n<td style=\"text-align: right; vertical-align: top;\" width=\"120\">08. Oktober 1994<\/td>\n<td valign=\"middle\"><strong>1. Kuppinger Zigeunerberglauf<\/strong> \u00fcber 9,9 km, Start und Ziel am Sportheim, 79 Teilnehmer<\/td>\n<\/tr>\n<tr>\n<td style=\"text-align: right; vertical-align: top;\" width=\"120\">Oktober 1994<\/td>\n<td valign=\"top\"><strong>1. Hallentraining<\/strong> in Affst\u00e4tt<\/td>\n<\/tr>\n<tr style=\"background-color: #ddddff;\">\n<td style=\"text-align: right; vertical-align: top;\" width=\"120\">04. Februar <strong>1995<\/strong><\/td>\n<td valign=\"top\"><strong>1. Klausurtagung<\/strong> des Abteilungsrates in Sch\u00f6nbronn, Gasthof L\u00f6wen<\/td>\n<\/tr>\n<tr>\n<td style=\"text-align: right; vertical-align: top;\" width=\"120\">07. Juli <strong>1996<\/strong><\/td>\n<td valign=\"top\"><strong>Jubil\u00e4umslauf<\/strong> mit regionaler Sportprominenz (u.a. mit Joachim L\u00f6w) anl\u00e4sslich der <strong>60 Jahre Feier des TSV Kuppingen<\/strong>. Der Lauf f\u00fchrt durch ein Festzelt auf dem Platz der Gemeindehalle<\/td>\n<\/tr>\n<tr style=\"background-color: #ddddff;\">\n<td style=\"text-align: right; vertical-align: top;\" width=\"120\">26. Januar <strong>1998<\/strong><\/td>\n<td valign=\"top\">Abteilungsrat beschlie\u00dft ein <strong>Lauftreff-Logo<\/strong> entwerfen zu lassen. Beauftragt wird das Grafik-Studio Dahm in Stuttgart<\/td>\n<\/tr>\n<tr style=\"background-color: #ddddff;\">\n<td style=\"text-align: right; vertical-align: top;\" width=\"120\">18. April 1998<\/td>\n<td valign=\"top\"><strong>1. Walking Anf\u00e4ngerkurs<\/strong>, gef\u00fchrt von Heide Koglin, G\u00e4rtringen<\/td>\n<\/tr>\n<tr style=\"background-color: #ddddff;\">\n<td style=\"text-align: right; vertical-align: top;\" width=\"120\">11. Oktober 1998<\/td>\n<td valign=\"top\"><strong>Zigeunerberglauf<\/strong> ist Teil des Sch\u00f6nbuch-Cups. Start und Ziel bei der Gemeindehalle. Die Strecke ist nun 12 km lang<\/td>\n<\/tr>\n<tr>\n<td style=\"text-align: right; vertical-align: top;\" width=\"120\">17. April <strong>1999<\/strong><\/td>\n<td valign=\"top\"><strong>Kinderlauftreff<\/strong> startet mit Gabi Manz als Trainerin<\/td>\n<\/tr>\n<tr>\n<td style=\"text-align: right; vertical-align: top;\" width=\"120\">Oktober 1999<\/td>\n<td valign=\"top\">Start des Projekts &#8222;<strong>NYC Marathon 2000<\/strong>&#8220; durch Markus Speer<\/td>\n<\/tr>\n<tr style=\"background-color: #ddddff;\">\n<td style=\"text-align: right; vertical-align: top;\" width=\"120\">05. November <strong>2000<\/strong><\/td>\n<td valign=\"top\">Abt. Lauftreff nimmt mit 12 L\u00e4uferinnen und 36 L\u00e4ufern am <strong>New York City Marathon<\/strong> teil. Alle Teilnehmer kommen gesund im Ziel an!<\/td>\n<\/tr>\n<tr style=\"background-color: #ddddff;\">\n<td style=\"text-align: right; vertical-align: top;\" width=\"120\">11. November 2000<\/td>\n<td valign=\"top\"><strong>Sch\u00f6nbuch-Cup Siegerehrung<\/strong> findet in der Kuppinger Gemeindehalle statt<\/td>\n<\/tr>\n<tr>\n<td style=\"text-align: right; vertical-align: top;\" width=\"120\">08. Februar <strong>2002<\/strong><\/td>\n<td valign=\"top\"><strong>2. Klausurtagung<\/strong> des Abteilungsrates in Herrenberg, Hotel Hasen<\/td>\n<\/tr>\n<tr>\n<td style=\"text-align: right; vertical-align: top;\" width=\"120\">26. Mai 2002<\/td>\n<td valign=\"top\">Abt. Lauftreff nimmt am <strong>Vienna City Marathon<\/strong> teil<\/td>\n<\/tr>\n<tr>\n<td style=\"text-align: right; vertical-align: top;\" width=\"120\">15. November 2002<\/td>\n<td valign=\"top\"><strong>Sch\u00f6nbuch-Cup Siegerehrung<\/strong> in der Kuppinger Gemeindehalle<\/td>\n<\/tr>\n<tr style=\"background-color: #ddddff;\">\n<td style=\"text-align: right; vertical-align: top;\" width=\"120\">Februar <strong>2003<\/strong><\/td>\n<td valign=\"top\"><strong>Albrecht Mayer<\/strong> wird neuer Abteilungsleiter<\/td>\n<\/tr>\n<tr style=\"background-color: #ddddff;\">\n<td style=\"text-align: right; vertical-align: top;\" width=\"120\">23. Februar 2003<\/td>\n<td valign=\"top\">Abt. Lauftreff nimmt am <strong>Verdi Marathon<\/strong> in Herrenbergs Partnerstadt Fidenza\/Italien teil<\/td>\n<\/tr>\n<tr style=\"background-color: #ddddff;\">\n<td style=\"text-align: right; vertical-align: top;\" width=\"120\">15. November 2003<\/td>\n<td valign=\"top\">Einweihung des neu geschaffenen <strong>Laufparks<\/strong> im Kuppinger Wald<\/td>\n<\/tr>\n<tr style=\"background-color: #ddddff;\">\n<td style=\"text-align: right; vertical-align: top;\" width=\"120\">31. Dezember 2003<\/td>\n<td valign=\"top\"><strong>1. Silvesterlauf<\/strong> im Kuppinger Wald<\/td>\n<\/tr>\n<tr>\n<td style=\"text-align: right; vertical-align: top;\" width=\"120\">26. September <strong>2004<\/strong><\/td>\n<td valign=\"top\">Der Lauftreff nimmt mit 21 L\u00e4uferInnen und 1 Walkerin am <strong>Berlin-Marathon<\/strong> teil<\/td>\n<\/tr>\n<tr style=\"background-color: #ddddff;\">\n<td style=\"text-align: right; vertical-align: top;\" width=\"120\">19. Juni <strong>2005<\/strong><\/td>\n<td valign=\"top\"><strong>1. Herrenberger Altstadtlauf<\/strong> \u00fcber 100 km mit 100 teilnehmenden Mannschaften ist ein grandioser Erfolg. Initiator ist Markus Speer<\/td>\n<\/tr>\n<tr>\n<td style=\"text-align: right; vertical-align: top;\" width=\"120\">08. April <strong>2006<\/strong><\/td>\n<td valign=\"top\">Teilnahme am <strong>Paris Marathon<\/strong><\/td>\n<\/tr>\n<tr>\n<td style=\"text-align: right; vertical-align: top;\" width=\"120\">23. Dezember 2006<\/td>\n<td valign=\"top\"><strong>1. Gl\u00fchweinlauf<\/strong> im Kuppinger Wald<\/td>\n<\/tr>\n<tr style=\"background-color: #ddddff;\">\n<td style=\"text-align: right; vertical-align: top;\" width=\"120\">09. Februar <strong>2007<\/strong><\/td>\n<td valign=\"top\">Albrecht Mayer steht aus privaten Gr\u00fcnden nicht mehr als Abteilungsleiter zur Verf\u00fcgung. Die Abteilung bleibt 1 Jahr ohne Nachfolger<\/td>\n<\/tr>\n<tr style=\"background-color: #ddddff;\">\n<td style=\"text-align: right; vertical-align: top;\" width=\"120\">20. Mai 2007<\/td>\n<td valign=\"top\">Tagesausfahrt zum <strong>Trollinger Marathon<\/strong> nach Heilbronn mit 80 Personen (40 L\u00e4ufer, 13 Walker, 7 Sch\u00fcler, 20 Fans)<\/td>\n<\/tr>\n<tr style=\"background-color: #ddddff;\">\n<td style=\"text-align: right; vertical-align: top;\" width=\"120\">30. Juni 2007<\/td>\n<td valign=\"top\"><strong>2. Herrenberger Altstadtlauf<\/strong> ist wiederum ein toller Erfolg<\/td>\n<\/tr>\n<tr>\n<td style=\"text-align: right; vertical-align: top;\" width=\"120\">Februar <strong>2008<\/strong><\/td>\n<td valign=\"top\"><strong>Clivia Schuker<\/strong> wird neue Abteilungsleiterin<\/td>\n<\/tr>\n<tr>\n<td style=\"text-align: right; vertical-align: top;\" width=\"120\">24. Februar 2008<\/td>\n<td valign=\"top\"><strong>3. Klausurtagung<\/strong> des erweiterten Abteilungsrates in Emmingen<\/td>\n<\/tr>\n<tr>\n<td style=\"text-align: right; vertical-align: top;\" width=\"120\">02. M\u00e4rz 2008<\/td>\n<td valign=\"top\"><strong>1. Run&amp;Brunch<\/strong> in Kooperation mit dem SV Affst\u00e4tt<\/td>\n<\/tr>\n<tr>\n<td style=\"text-align: right; vertical-align: top;\" width=\"120\">25. April 2008<\/td>\n<td valign=\"top\">Lauftreff nimmt mit \u00fcber 50 Personen zum 2. Mal am <strong>Vienna City Marathon<\/strong> teil<\/td>\n<\/tr>\n<tr>\n<td style=\"text-align: right; vertical-align: top;\" width=\"120\">19. Mai 2008<\/td>\n<td valign=\"top\"><strong>1. Kuppinger Vollmond Run<\/strong>, ein Lauf in &#8222;famili\u00e4rem Rahmen&#8220; um Kuppingen herum<\/td>\n<\/tr>\n<tr style=\"background-color: #ddddff;\">\n<td style=\"text-align: right; vertical-align: top;\" width=\"120\">09. Mai 2009<\/td>\n<td valign=\"top\">Tagesausfahrt zum <strong>D\u00e4mmer-Marathon nach Mannheim<\/strong> mit 55 Personen (43 davon l\u00e4uferisch aktiv)<\/td>\n<\/tr>\n<tr style=\"background-color: #ddddff;\">\n<td style=\"text-align: right; vertical-align: top;\" width=\"120\">27. Juni <strong>2009<\/strong><\/td>\n<td valign=\"top\"><strong>3. Herrenberger Altstadtlauf<\/strong> mit 115 Mannschaften und ca. 1100 Teilnehmern. Herrenberg ist in Feierstimmung!<\/td>\n<\/tr>\n<tr style=\"background-color: #ddddff;\">\n<td style=\"text-align: right; vertical-align: top;\" width=\"120\">10. Oktober 2009<\/td>\n<td valign=\"top\">Der<strong> 1. Kuppinger Mondf\u00e4ngerlauf<\/strong> l\u00f6st nach 15 Jahren den Zigeunerberglauf ab<\/td>\n<\/tr>\n<tr>\n<td style=\"text-align: right; vertical-align: top;\" width=\"120\">16. Mai <strong>2010<\/strong><\/td>\n<td valign=\"top\">Tagesausfahrt zum <strong>W\u00fcrzburg Marathon<\/strong> mit 17 L\u00e4ufern und 4 Walkern<\/td>\n<\/tr>\n<tr>\n<td style=\"text-align: right; vertical-align: top;\" width=\"120\">24.-26. Juni 2010<\/td>\n<td valign=\"top\"><strong>Staffellauf nach Tarare (Frankreich)<\/strong> zum 50. Jubil\u00e4um der St\u00e4dtepartnerschaft<\/td>\n<\/tr>\n<tr style=\"background-color: #ddddff;\">\n<td style=\"text-align: right; vertical-align: top;\" width=\"120\">3. April <strong>2011<\/strong><\/td>\n<td valign=\"top\">Tagesausfahrt mit 51 L\u00e4ufern zum <strong>Freiburg Marathon<\/strong><\/td>\n<\/tr>\n<tr style=\"background-color: #ddddff;\">\n<td style=\"text-align: right; vertical-align: top;\" width=\"120\">Mai 2011<\/td>\n<td valign=\"top\">Festwochenende <strong>1050 Jahre Kuppingen \/ 75 Jahre TSV Kuppingen<\/strong><\/td>\n<\/tr>\n<tr style=\"background-color: #ddddff;\">\n<td style=\"text-align: right; vertical-align: top;\" width=\"120\">23. Juli 2011<\/td>\n<td valign=\"top\">Der <strong>4. Herrenberger Altstadtlauf<\/strong> ist nach 3 Tagen mit \u00fcber 100 Mannschaften ausgebucht und wird endg\u00fcltig zur Kultveranstaltung<\/td>\n<\/tr>\n<tr>\n<td style=\"text-align: right; vertical-align: top;\" width=\"120\">12. Februar <strong>2012<\/strong><\/td>\n<td valign=\"top\"><strong>1. Schneeschuhwanderung<\/strong> am Feldberg<\/td>\n<\/tr>\n<tr>\n<td style=\"text-align: right; vertical-align: top;\" width=\"120\">16.-18. November 2012<\/td>\n<td valign=\"top\">Dreit\u00e4gige Ausfahrt mit knapp 50 Teilnehmern zum <strong> Marathon du Beaujolais in Villefranche-sur-Saone<\/strong><\/td>\n<\/tr>\n<tr style=\"background-color: #ddddff;\">\n<td style=\"text-align: right; vertical-align: top;\" width=\"120\">29. Juni <strong>2013<\/strong><\/td>\n<td valign=\"top\"><strong>5. Herrenberger Altstadtlauf<\/strong> \u2013 Nach den sportlichen Highlights wird der Herrenberger Marktplatz erstmals mit einer Lasershow in Szene gesetzt, das TSV Wappen erstrahlt auf dem Rathausdach!<\/td>\n<\/tr>\n<tr style=\"background-color: #ddddff;\">\n<td style=\"text-align: right; vertical-align: top;\" width=\"120\">29. September 2013<\/td>\n<td valign=\"top\">Eint\u00e4gige Ausfahrt zum <strong>Ulmer Einstein-Marathon<\/strong><\/td>\n<\/tr>\n<tr style=\"background-color: #ddddff;\">\n<td style=\"text-align: right; vertical-align: top;\" width=\"120\">9. November 2013<\/td>\n<td valign=\"top\"><strong>s&#8217;Mariele von d&#8217;Alb<\/strong> kommt zum Saisonabschluss nach Kuppingen<\/td>\n<\/tr>\n<tr>\n<td style=\"text-align: right; vertical-align: top;\" width=\"120\">9.-13. Juli <strong>2014<\/strong><\/td>\n<td valign=\"top\"><strong>Staffellauf mit 50 Teilnehmern \u00fcber \u00d6sterreich, Liechtenstein, Schweiz nach Fidenza (Italien)<\/strong> zum 25. Jubil\u00e4um der St\u00e4dtepartnerschaft<\/td>\n<\/tr>\n<tr style=\"background-color: #ddddff;\">\n<td style=\"text-align: right; vertical-align: top;\" width=\"120\">21.-23. Februar <strong>2015 <\/strong><\/td>\n<td valign=\"top\">Dreit\u00e4gige Ausfahrt zum <strong>Verdi-Marathon<\/strong> nach <strong>Fidenza <\/strong><\/td>\n<\/tr>\n<tr style=\"background-color: #ddddff;\">\n<td style=\"text-align: right; vertical-align: top;\" width=\"120\">25.-26. April 2015<\/td>\n<td valign=\"top\">Die <strong>1. Sch\u00f6nbuch-Trophy<\/strong> wird von einer grossen Helferschar des Lauftreffs unterst\u00fctzt<\/td>\n<\/tr>\n<tr style=\"background-color: #ddddff;\">\n<td style=\"text-align: right; vertical-align: top;\" width=\"120\">20. Juni 2015<\/td>\n<td valign=\"top\"><strong>Der 6. Herrenberger Altstadtlauf<\/strong> (mit 120 Mannschaften fast \u00fcber Nacht ausgebucht) findet zum ersten Mal bei k\u00fchlem und regnerischem Wetter statt, was der genialen Stimmung aber keinen Abbruch tut<\/td>\n<\/tr>\n<tr>\n<td style=\"text-align: right; vertical-align: top;\" width=\"120\">09.-10. April <strong>2016<\/strong><\/td>\n<td valign=\"top\"><strong>4. Klausurtagung<\/strong> des erweiterten Abteilungsrates in Rottweil<\/td>\n<\/tr>\n<tr>\n<td style=\"text-align: right; vertical-align: top;\" width=\"120\">18.-20. November 2016<\/td>\n<td valign=\"top\">Zum 2. Mal unternehmen wir eine dreit\u00e4gige Ausfahrt mit \u00fcber 50 Teilnehmern zum <strong> Marathon du Beaujolais in Villefranche-sur-Saone<\/strong><\/td>\n<\/tr>\n<tr style=\"background-color: #ddddff;\">\n<td style=\"text-align: right; vertical-align: top;\" width=\"120\">29. Mai <strong>2017<\/strong><\/td>\n<td valign=\"top\">Bei der Gr\u00fcndung des neuen Vereins <strong>&#8222;Altstadtlauf Herrenberg e.V.&#8220;<\/strong> sind sechs Lauftreff-Mitglieder dabei<\/td>\n<\/tr>\n<tr style=\"background-color: #ddddff;\">\n<td style=\"text-align: right; vertical-align: top;\" width=\"120\">31. Dezember 2017<\/td>\n<td valign=\"top\">Zum <strong>15. Mal<\/strong> feiern wir dank der Initiative unseres Lauffreundes <strong>J. Fischer<\/strong> den Lauftreff-<strong>Silvesterlauf<\/strong><\/td>\n<\/tr>\n<tr style=\"background-color: #ebc540;\">\n<td style=\"text-align: right; vertical-align: top;\" width=\"120\">01. Januar <strong>2018<\/strong><\/td>\n<td valign=\"top\">Das Jahr des Jubil\u00e4ums <strong>&#8222;25 Jahre Lauftreff&#8220;<\/strong> beginnt<\/td>\n<\/tr>\n<tr style=\"background-color: #ebc540;\">\n<td style=\"text-align: right; vertical-align: top;\" width=\"120\">13. Januar 2018<\/td>\n<td valign=\"top\">Das Organisations- und Helfer-Team des <strong>Herrenberger Altstadtlaufs<\/strong> gewinnt den <strong>1. Preis<\/strong> bei dem vom <strong>G\u00c4UBOTE<\/strong> j\u00e4hrlich ausgeschriebenen <strong>Heim(at)werker<\/strong>-Wettbewerb<\/td>\n<\/tr>\n<tr style=\"background-color: #ebc540;\">\n<td style=\"text-align: right; vertical-align: top;\" width=\"120\">28. Januar 2018<\/td>\n<td valign=\"top\">Die <strong>3. Schneeschuhwanderung<\/strong> am Feldberg f\u00fchrt uns zum Herzogenhorn und zur\u00fcck<\/td>\n<\/tr>\n<tr style=\"background-color: #ebc540;\">\n<td style=\"text-align: right; vertical-align: top;\" width=\"120\">5. Mai 2018<\/td>\n<td valign=\"top\">Im Jubil\u00e4umsjahr veranstalten wir den <strong>1. Kuppinger Zigeunerberglauf-reloaded<\/strong>, einen nostalgischen Genusslauf mit \u00fcber 100 Teilmehmern etwas mehr als beim Deb\u00fct vor 24 Jahren<\/td>\n<\/tr>\n<tr style=\"background-color: #ebc540;\">\n<td style=\"text-align: right; vertical-align: top;\" width=\"120\">26. Juni &#8211; 1. Juli 2018<\/td>\n<td valign=\"top\"><strong>Staffellauf von Kuppingen &#8222;Unter den Linden&#8220; nach Berin &#8222;Unter den Linden&#8220;<\/strong> mit \u00fcber 50 Teilnehmern. In Berlin empf\u00e4ngt uns der B\u00f6blinger Bundestagabgeordnete M. Biadacz und der Herrenberger OB Th. Spri\u00dfler<\/td>\n<\/tr>\n<tr style=\"background-color: #ebc540;\">\n<td style=\"text-align: right; vertical-align: top;\" width=\"120\">7-8. Juli 2018<\/td>\n<td valign=\"top\">Die Jugend und Junioren fahren zu einem kostenlosen <strong>Drachenboot-Wochenende<\/strong> nach Friedrichshafen an den Bodensee<\/td>\n<\/tr>\n<tr style=\"background-color: #ebc540;\">\n<td style=\"text-align: right; vertical-align: top;\" width=\"120\">10. November 2018<\/td>\n<td valign=\"top\">Wir feiern unser Jubil\u00e4um in der Gemeindehalle Kuppingen zusammen mit dem <strong>Olympiasieger<\/strong> von 1992 \u00fcber 5000m <strong>Dieter Baumann<\/strong><\/td>\n<\/tr>\n<tr style=\"background-color: #ebc540;\">\n<td style=\"text-align: right; vertical-align: top;\" width=\"120\">19. Dezember 2018<\/td>\n<td valign=\"top\">Den Erl\u00f6s von 750.- \u20ac aus unserem Zigeunerberglauf-reloaded spenden wir der Deckenpfronner <strong>Dorfgemeinschaft Tennental<\/strong><\/td>\n<\/tr>\n<tr style=\"background-color: #ddddff;\">\n<td style=\"text-align: right; vertical-align: top;\" width=\"120\">Fr\u00fchjahr <strong>2019<\/strong><\/td>\n<td valign=\"top\">Die Abt. Lauftreff kauft eine Lagerbox im <strong>Vereinslager Kuppingen<\/strong> und hilft bei der Errichtung tatkr\u00e4ftig mit<\/td>\n<\/tr>\n<tr style=\"background-color: #ddddff;\">\n<td style=\"text-align: right; vertical-align: top;\" width=\"120\">07. Juni 2019<\/td>\n<td valign=\"top\">Der <strong>8. Altstadtlauf Herrenberg<\/strong> findet erstmalig unter der Regie des Vereins &#8222;Altstadtlauf Herrenberg eV&#8220; statt und begeistert \u00fcber 1000 Teilnehmer*innen und zahlreiche Zuschauer*innen u.a. mit einem grossen Feuerwerk am sp\u00e4ten Abend<\/td>\n<\/tr>\n<tr style=\"background-color: #ddddff;\">\n<td style=\"text-align: right; vertical-align: top;\" width=\"120\">04.-07. Oktober 2019<\/td>\n<td valign=\"top\">Zum ersten Mal f\u00fchrt uns unsere Laufreise zum Marathon nach <strong>Bremen<\/strong>. Regie f\u00fchrt unsere geb\u00fcrtige Bremerin Kirsten Baumann<\/td>\n<\/tr>\n<tr style=\"background-color: #ddddff;\">\n<td style=\"text-align: right; vertical-align: top;\" width=\"120\">12.-15. November 2019<\/td>\n<td valign=\"top\">Das <strong>Organisatoren-Team<\/strong> des Staffellaufs Kuppingen-Berlin (im Jahr 2018) f\u00e4hrt auf Einladung des B\u00f6blinger Bundestagsabgeordneten M. Biadacz zu einer mehrt\u00e4gigen <strong>politischen Bildungsfahrt<\/strong> nach <strong>Berlin<\/strong><\/td>\n<\/tr>\n<tr>\n<td style=\"text-align: right; vertical-align: top;\" width=\"120\"><strong>2020<\/strong><\/td>\n<td valign=\"top\">Die <strong>Corona-Pandemie<\/strong> hat uns mit ihren zwei Wellen fast das ganze Jahr im W\u00fcrgegriff. Alle von uns geplanten Veranstaltungen fallen dem Virus zum Opfer<\/td>\n<\/tr>\n<tr style=\"background-color: #ddddff;\">\n<td style=\"text-align: right; vertical-align: top;\" width=\"120\">05.-14. M\u00e4rz <strong>2021<\/strong><\/td>\n<td valign=\"top\">Wir wollen laufen <strong>trotz Pandemie<\/strong> und veranstalten einen <strong>virtuellen Staffellauf<\/strong>. Jeder l\u00e4uft f\u00fcr sich und am Ende kommen <strong>sagenhafte 3492 km<\/strong> zusammen &#8211; eine Strecke von Kuppingen \u00fcber <strong>Tarare<\/strong> nach <strong>Fidenza<\/strong>, zur\u00fcck nach <strong>Herrenberg<\/strong>, dann nach <strong>Berlin<\/strong> und zur\u00fcck und weiter nach Frankreich in <strong>Richtung Paris<\/strong><\/td>\n<\/tr>\n<tr style=\"background-color: #ddddff;\">\n<td style=\"text-align: right; vertical-align: top;\" width=\"120\">05.-19. Juni 2021<\/td>\n<td valign=\"top\"><strong>Not macht erfinderisch.<\/strong> Wir veranstalten den <strong>1. Laufpark Run<\/strong>. Zwei Wochen lang k\u00f6nnen registrierte L\u00e4ufer*innen die <strong>&#8222;Hasenrunde&#8220; des Laufparks<\/strong> (im Wettkampftempo) absolvieren und werden dabei mit Transponder und Track boxen \u00fcberwacht sowie ihre Zeit erfasst. 391 Teilnehmer*innen laufen mit gro\u00dfem Elan ins Ziel. Ein toller Erfolg!<br \/>\nDen Erl\u00f6s von 1300.- \u20ac spenden wir dem Kuppinger Senioren-Heim <strong>Stephanus-Stift<\/strong><\/td>\n<\/tr>\n<tr style=\"background-color: #ddddff;\">\n<td style=\"text-align: right; vertical-align: top;\" width=\"120\">2021<\/td>\n<td valign=\"top\">Das <strong>Corona-Virus<\/strong> schl\u00e4gt wieder zu. <strong>100km-Altstadtlauf und Mondf\u00e4ngerlauf<\/strong> fallen auch in diesem Jahr aus.<\/td>\n<\/tr>\n<tr>\n<td style=\"text-align: right; vertical-align: top;\" width=\"120\"><strong>2022<\/strong><\/td>\n<td valign=\"top\">Die <strong>Corona-Pandemie<\/strong> klingt merklich ab.<\/td>\n<\/tr>\n<tr>\n<td style=\"text-align: right; vertical-align: top;\" width=\"120\">7. Mai 2022<\/td>\n<td valign=\"top\">\u00dcber 50 L\u00e4ufer*innen laufen mit dem e-Staffelstab (made by Markus Renschler) vom <strong>Herrenberger Sch\u00f6nbuchturm zum Thyssen-Testturm bei Rottweil<\/strong><\/td>\n<\/tr>\n<tr>\n<td style=\"text-align: right; vertical-align: top;\" width=\"120\">12. Oktober 2022<\/td>\n<td valign=\"top\">Nach 3j\u00e4hriger Pause findet auch der <strong>Mondf\u00e4ngerlauf<\/strong> wieder statt. Die Teilnehmer- zahlen liegen deutlich unter dem Niveau vor der Corona-Pandemie.<\/td>\n<\/tr>\n<tr style=\"background-color: #ddddff;\">\n<td style=\"text-align: right; vertical-align: top;\" width=\"120\">17.-19. November <strong>2023<\/strong><\/td>\n<td valign=\"top\">Zum 3. Mal unternehmen wir eine dreit\u00e4gige Ausfahrt mit \u00fcber 50 Teilnehmern zum <strong>Marathon du Beaujolais<\/strong> in Villefranche-sur-Saone<\/td>\n<\/tr>\n<tr>\n<td style=\"text-align: right; vertical-align: top;\" width=\"120\">29. Juni 2024<\/td>\n<td valign=\"top\">Nach 5j\u00e4hriger Pause findet auch der <strong>9. Altstadtlauf Herrenberg <\/strong> wieder statt, allerdings unter der F\u00fchrung eines neuen Organisations-Teams, aber mit tatkr\u00e4ftiger Unterst\u00fctzung unseres Lauftreffs. Die Teilnehmerzahlen liegen \u00e4hnlich hoch wie in der Vergangenheit. Der Altstadtlauf wird durch viele weitere Attraktionen unter anderem durch Public Viewing anl\u00e4sslich der Fu\u00dfball-EM in Deutschland zu einem gro\u00dfartigen Fest in Herrenberg.<\/td>\n<\/tr>\n<tr>\n<td style=\"text-align: right; vertical-align: top;\" width=\"120\">12. Oktober 2024<\/td>\n<td valign=\"top\">Zum ersten Mal nimmt Dieter Baumann bei unserem Mondf\u00e4ngerlauf als L\u00e4ufer teil. Er geniesst den Lauf sichtlich und ist so von der Atmosph\u00e4re angetan, dass er im Januar 2025 auf seiner Kommentarseite des <strong>&#8222;Runner&#8217;s World&#8220;<\/strong> Lauf-Magazins den Mondf\u00e4ngerlauf als <strong>&#8222;so muss ein Dorflauf sein&#8220;<\/strong> ganzseitig beschreibt.<\/td>\n<\/tr>\n<tr style=\"background-color: #ddddff;\">\n<td style=\"text-align: right; vertical-align: top;\" width=\"120\">21. November <strong>2025<\/strong><\/td>\n<td valign=\"top\">Wir feiern das Jubil\u00e4um <strong>30 Jahre Sch\u00f6nbuch-Cup<\/strong> in der Kuppinger Gemeindehalle. Unser Lauftreff-Mitglied und <strong>Olympiasieger Dieter Baumann<\/strong> liefert mit seinem Kabarett den H\u00f6hepunkt des Abends.<\/td>\n<\/tr>\n<\/tbody>\n<\/table>\n<p><a href=\"https:\/\/tsvkuppingen.de\/0\/chronik-lauftreff.pdf\"> Bebilderte Chronik aus der Festschrift zum Jubil\u00e4um &#8222;75 Jahre TSV Kuppingen&#8220; im Jahr 2011<\/a><\/p>\n","protected":false},"excerpt":{"rendered":"<p>Es waren einmal im vergangenen Jahrtausend zwei junge M\u00e4nner von unterschiedlicher Gestalt, jedoch mit gleichem Ansinnen. Der eine hiess Markus, der andere ward Albrecht genannt. Beide kannten einander von der Not der t\u00e4glichen Arbeit. Und so sassen sie zusammen und \u00fcberlegten, wie es denn gel\u00e4nge, den Kuppinger Mondf\u00e4ngern schnellere Beine zu verschaffen. Nach vielen Wochen [&hellip;]<\/p>\n","protected":false},"author":1,"featured_media":0,"parent":95,"menu_order":1,"comment_status":"open","ping_status":"open","template":"","meta":{"ngg_post_thumbnail":0,"footnotes":""},"class_list":["post-89","page","type-page","status-publish","hentry"],"_links":{"self":[{"href":"https:\/\/tsvkuppingen.de\/lauftreff\/site\/index.php?rest_route=\/wp\/v2\/pages\/89","targetHints":{"allow":["GET"]}}],"collection":[{"href":"https:\/\/tsvkuppingen.de\/lauftreff\/site\/index.php?rest_route=\/wp\/v2\/pages"}],"about":[{"href":"https:\/\/tsvkuppingen.de\/lauftreff\/site\/index.php?rest_route=\/wp\/v2\/types\/page"}],"author":[{"embeddable":true,"href":"https:\/\/tsvkuppingen.de\/lauftreff\/site\/index.php?rest_route=\/wp\/v2\/users\/1"}],"replies":[{"embeddable":true,"href":"https:\/\/tsvkuppingen.de\/lauftreff\/site\/index.php?rest_route=%2Fwp%2Fv2%2Fcomments&post=89"}],"version-history":[{"count":118,"href":"https:\/\/tsvkuppingen.de\/lauftreff\/site\/index.php?rest_route=\/wp\/v2\/pages\/89\/revisions"}],"predecessor-version":[{"id":11890,"href":"https:\/\/tsvkuppingen.de\/lauftreff\/site\/index.php?rest_route=\/wp\/v2\/pages\/89\/revisions\/11890"}],"up":[{"embeddable":true,"href":"https:\/\/tsvkuppingen.de\/lauftreff\/site\/index.php?rest_route=\/wp\/v2\/pages\/95"}],"wp:attachment":[{"href":"https:\/\/tsvkuppingen.de\/lauftreff\/site\/index.php?rest_route=%2Fwp%2Fv2%2Fmedia&parent=89"}],"curies":[{"name":"wp","href":"https:\/\/api.w.org\/{rel}","templated":true}]}}