{"id":91,"date":"2009-05-11T21:46:45","date_gmt":"2009-05-11T19:46:45","guid":{"rendered":"http:\/\/tsvkuppingen.de\/lauftreff\/site\/?page_id=91"},"modified":"2024-02-25T23:07:39","modified_gmt":"2024-02-25T22:07:39","slug":"abteilungsrat","status":"publish","type":"page","link":"https:\/\/tsvkuppingen.de\/lauftreff\/site\/?page_id=91","title":{"rendered":"Abteilungsrat"},"content":{"rendered":"<table border=\"0\" cellspacing=\"2\" cellpadding=\"5\" width=\"600\">\n<tbody>\n<tr>\n<td width=\"80\"> <img decoding=\"async\" class=\"alignleft size-full wp-image-298\" title=\"CliviaSchuker\" src=\"https:\/\/tsvkuppingen.de\/lauftreff\/site\/wp-content\/uploads\/2024\/02\/Schuker-Clivia_P.PNG\" alt=\"CliviaSchuker\" width=\"80\" \/><\/td>\n<td valign=\"middle\"><strong>Clivia Schuker<\/strong><br \/>\nAbteilungsleiterin<br \/>\nTel: 07032.35089<br \/>\neMail: <a href=\"mailto:Clivia.Schuker@t-online.de\">Clivia Schuker<\/a>\n<\/td>\n<p> <!-- \n<tdX<img decoding=\"async\" class=\"alignleft size-full wp-image-309\" title=\"ErichKienle\" src=\"https:\/\/tsvkuppingen.de\/lauftreff\/site\/wp-content\/uploads\/2009\/05\/ErichKienle.gif\" alt=\"ErichKienle\" width=\"80\" \/X<\/tdX\n\n\n<td valign=\"middle\"X<strongXErich Kienle<\/strongX\nStv. Abteilungsleiter\nTel: 07032.33465\n<a href=\"mailto:E.Kienle@t-online.de\"Xe.kienle@t-online.de<\/aX\n<\/tdX -->\n<td width=\"80\"> <img decoding=\"async\" class=\"alignleft size-full wp-image-309\" title=\"MarkusRenschler\" src=\"https:\/\/tsvkuppingen.de\/lauftreff\/site\/wp-content\/uploads\/2024\/02\/Renschler-Markus_P.PNG\" alt=\"MarkusRenschler\" width=\"80\" \/><\/td>\n<td valign=\"middle\"><strong>Markus Renschler<\/strong><br \/>\nStv. Abteilungsleiter<br \/>\nTel: 07032.xxxxx<br \/>\neMail: <a href=\"mailto:mr@toomanyissues.com\">Markus Renschler<\/a>\n<\/td>\n<\/tr>\n<tr>\n<td width=\"80\"><img decoding=\"async\" class=\"alignleft size-full wp-image-298\" title=\"AndreaMaier\" src=\"https:\/\/tsvkuppingen.de\/lauftreff\/site\/wp-content\/uploads\/2014\/05\/AndreaMaier.gif\" alt=\"AndreaMaier\" width=\"80\" \/><\/td>\n<td valign=\"middle\"><strong>Andrea Maier<\/strong><br \/>\nFinanzen<br \/>\nTel: 07032.34884<br \/>\neMail: <a href=\"mailto:andmai1@web.de\">Andrea Maier<\/a>\n<\/td>\n<td width=\"80\"><img decoding=\"async\" class=\"alignleft size-full wp-image-201\" title=\"Yvonne_1894\" src=\"https:\/\/tsvkuppingen.de\/lauftreff\/site\/wp-content\/uploads\/2018\/03\/IMG_1894c1.jpg\" alt=\"Yvonne_1894\" width=\"80\" \/><\/td>\n<td valign=\"middle\"><strong>Yvonne Sefrin<\/strong><br \/>\nSchriftf\u00fchrerin<br \/>\nTel: <!-- 07032.329659 --><br \/>\neMail: <a href=\"mailto:yvonne.rensch@web.de\">Yvonne Sefrin<\/a>\n<\/td>\n<\/tr>\n<tr>\n<td><img decoding=\"async\" class=\"alignleft size-full wp-image-311\" title=\"HagenZel\u00dfmann\" src=\"https:\/\/tsvkuppingen.de\/lauftreff\/site\/wp-content\/uploads\/2015\/03\/HagenZelssmann.gif\" alt=\"HagenZelssmann\" width=\"80\" \/><\/td>\n<td valign=\"middle\"><strong>Hagen Zel\u00dfmann<\/strong><br \/>\nPresse<br \/>\nTel:<br \/>\neMail: <a href=\"mailto:hagen.zelssmann@online.de\">Hagen Zel\u00dfmann<\/a><\/td>\n<\/td>\n<td><img decoding=\"async\" class=\"alignleft size-full wp-image-312\" title=\"StefanieVollmer\" src=\"https:\/\/tsvkuppingen.de\/lauftreff\/site\/wp-content\/uploads\/2021\/09\/Stefanie.jpg\" alt=\"StefanieVollmer\" width=\"80\" \/><\/td>\n<td valign=\"middle\"><strong>Stefanie Vollmer<\/strong><br \/>\nVeranstaltungen<br \/>\nTel:<br \/>\neMail: <a href=\"mailto:stevollmer@web.de\">Stefanie Vollmer<\/a><\/td>\n<p> <!--\n<tdX<img decoding=\"async\" class=\"alignleft size-full wp-image-312\" title=\"UteLohrer\" src=\"https:\/\/tsvkuppingen.de\/lauftreff\/site\/wp-content\/uploads\/2009\/05\/UteLohrer.gif\" alt=\"UteLohrer\" width=\"80\" \/X<\/tdX\n\n\n<td valign=\"middle\"X<strongXUte Lohrer<\/strongX\nVeranstaltungen\nTel: 07032.33782\n<a href=\"mailto:utelohrer@kabelbw.de\">utelohrer@kabelbw.de<\/aX<\/tdX -->\n<\/tr>\n<tr>\n<td><img decoding=\"async\" class=\"alignleft size-full wp-image-319\" title=\"TanjaMaier\" src=\"https:\/\/tsvkuppingen.de\/lauftreff\/site\/wp-content\/uploads\/2021\/10\/Tanja1.jpg\" alt=\"Tanja Maier\" width=\"80\" \/><\/td>\n<td valign=\"middle\"><strong>Tanja Maier<\/strong><br \/>\nVeranstaltungen<br \/>\nTel:<br \/>\neMail: <a href=\"mailto:tanja.neffgen@gmx.de\">Tanja Maier<\/a><\/td>\n<td><img decoding=\"async\" class=\"alignleft size-full wp-image-319\" title=\"PetraMikolaizak\" src=\"https:\/\/tsvkuppingen.de\/lauftreff\/site\/wp-content\/uploads\/2009\/05\/PetraMikolaizak.gif\" alt=\"PetraMikolaizak\" width=\"80\" \/><\/td>\n<td valign=\"middle\"><strong>Petra Mikolaizak<\/strong><br \/>\nWalking<br \/>\nTel: 07032.938864<br \/>\neMail: <a href=\"mailto:pmiko@web.de\">Petra Mikolaizak<\/a><\/td>\n<\/tr>\n<tr>\n<td><img loading=\"lazy\" decoding=\"async\" class=\"alignleft size-full wp-image-320\" title=\"KBaumann\" src=\"https:\/\/tsvkuppingen.de\/lauftreff\/site\/wp-content\/uploads\/2021\/09\/KirstenB.jpeg\" alt=\"KBaumann\" width=\"80\" height=\"110\" \/><\/td>\n<td valign=\"middle\"><strong>Kirsten Baumann<\/strong><br \/>\nJugendleiterin<br \/>\nTel: 01523.1720981<br \/>\neMail: <a href=\"mailto:kirsten_baumann@gmx.de\">Kirsten Baumann<\/a><\/td>\n<td><img decoding=\"async\" class=\"alignleft size-full wp-image-318\" title=\"ChristophKopp\" src=\"https:\/\/tsvkuppingen.de\/lauftreff\/site\/wp-content\/uploads\/2009\/05\/ChristophKopp.gif\" alt=\"ChristophKopp\" width=\"80\" \/><\/td>\n<td valign=\"middle\"><strong>Christoph Kopp<\/strong><br \/>\nBreitensport<br \/>\nTel: 07032.930699<br \/>\neMail: <a href=\"mailto:christoph@koppverwaltung.de\">Christoph Kopp<\/strong><\/a><\/td>\n<\/tr>\n<tr>\n<td><img decoding=\"async\" class=\"alignleft size-full wp-image-319\" title=\"SteffiKempf\" src=\"https:\/\/tsvkuppingen.de\/lauftreff\/site\/wp-content\/uploads\/2024\/02\/Kempf-Steffi_P.PNG\" alt=\"SteffiKempf\" width=\"80\" \/><\/td>\n<td valign=\"middle\"><strong>Steffi Kempf<\/strong><br \/>\nWettkampfsport<br \/>\nTel:<br \/>\neMail: <a href=\"mailto:stefanie.kempf@gmx.net\">Steffi Kempf<\/a><\/td>\n<p> <!-- <trX\n<tdX img class=\"alignleft size-full wp-image-319\" title=\"RolandWeiler\" src=\"https:\/\/tsvkuppingen.de\/lauftreff\/site\/wp-content\/uploads\/2017\/04\/Roland1.gif\" alt=\"Roland Weiler\" width=\"80\" \/X<\/tdX\n\n\n<td valign=\"middle\"X<strongXRoland Weiler<\/strongX\nJugendleiter\nTel: 0172.7474444\n<a href=\"mailto:sport@maid-beratung.de\"Xsport@maid-beratung.de<\/aX<\/tdX\n<\/tr -->\n<\/tbody>\n<\/table>\n","protected":false},"excerpt":{"rendered":"<p>Clivia Schuker Abteilungsleiterin Tel: 07032.35089 eMail: Clivia Schuker Markus Renschler Stv. Abteilungsleiter Tel: 07032.xxxxx eMail: Markus Renschler Andrea Maier Finanzen Tel: 07032.34884 eMail: Andrea Maier Yvonne Sefrin Schriftf\u00fchrerin Tel: eMail: Yvonne Sefrin Hagen Zel\u00dfmann Presse Tel: eMail: Hagen Zel\u00dfmann Stefanie Vollmer Veranstaltungen Tel: eMail: Stefanie Vollmer Tanja Maier Veranstaltungen Tel: eMail: Tanja Maier Petra Mikolaizak [&hellip;]<\/p>\n","protected":false},"author":1,"featured_media":0,"parent":95,"menu_order":0,"comment_status":"open","ping_status":"open","template":"","meta":{"ngg_post_thumbnail":0,"footnotes":""},"class_list":["post-91","page","type-page","status-publish","hentry"],"_links":{"self":[{"href":"https:\/\/tsvkuppingen.de\/lauftreff\/site\/index.php?rest_route=\/wp\/v2\/pages\/91","targetHints":{"allow":["GET"]}}],"collection":[{"href":"https:\/\/tsvkuppingen.de\/lauftreff\/site\/index.php?rest_route=\/wp\/v2\/pages"}],"about":[{"href":"https:\/\/tsvkuppingen.de\/lauftreff\/site\/index.php?rest_route=\/wp\/v2\/types\/page"}],"author":[{"embeddable":true,"href":"https:\/\/tsvkuppingen.de\/lauftreff\/site\/index.php?rest_route=\/wp\/v2\/users\/1"}],"replies":[{"embeddable":true,"href":"https:\/\/tsvkuppingen.de\/lauftreff\/site\/index.php?rest_route=%2Fwp%2Fv2%2Fcomments&post=91"}],"version-history":[{"count":63,"href":"https:\/\/tsvkuppingen.de\/lauftreff\/site\/index.php?rest_route=\/wp\/v2\/pages\/91\/revisions"}],"predecessor-version":[{"id":308,"href":"https:\/\/tsvkuppingen.de\/lauftreff\/site\/index.php?rest_route=\/wp\/v2\/pages\/91\/revisions\/308"}],"up":[{"embeddable":true,"href":"https:\/\/tsvkuppingen.de\/lauftreff\/site\/index.php?rest_route=\/wp\/v2\/pages\/95"}],"wp:attachment":[{"href":"https:\/\/tsvkuppingen.de\/lauftreff\/site\/index.php?rest_route=%2Fwp%2Fv2%2Fmedia&parent=91"}],"curies":[{"name":"wp","href":"https:\/\/api.w.org\/{rel}","templated":true}]}}