{"id":912,"date":"2009-09-27T18:17:00","date_gmt":"2009-09-27T16:17:00","guid":{"rendered":"http:\/\/tsvkuppingen.de\/lauftreff\/site\/?page_id=912"},"modified":"2019-09-20T22:48:36","modified_gmt":"2019-09-20T20:48:36","slug":"10-10-2009","status":"publish","type":"page","link":"https:\/\/tsvkuppingen.de\/lauftreff\/site\/?page_id=912","title":{"rendered":"10.10.2009"},"content":{"rendered":"<p><strong>Der Mondf\u00e4ngertraum ist wahr geworden<\/strong><\/p>\n<div id=\"attachment_993\" style=\"width: 210px\" class=\"wp-caption alignnone\"><a href=\"https:\/\/tsvkuppingen.de\/lauftreff\/site\/wp-content\/uploads\/2009\/09\/Start-MFL.jpg\"><img loading=\"lazy\" decoding=\"async\" aria-describedby=\"caption-attachment-993\" class=\"size-medium wp-image-993 \" title=\"Start MFL\" src=\"https:\/\/tsvkuppingen.de\/lauftreff\/site\/wp-content\/uploads\/2009\/09\/Start-MFL-200x300.jpg\" alt=\"Start beim Mondf\u00e4ngerlauf\" width=\"200\" height=\"300\" srcset=\"https:\/\/tsvkuppingen.de\/lauftreff\/site\/wp-content\/uploads\/2009\/09\/Start-MFL-200x300.jpg 200w, https:\/\/tsvkuppingen.de\/lauftreff\/site\/wp-content\/uploads\/2009\/09\/Start-MFL-682x1024.jpg 682w\" sizes=\"auto, (max-width: 200px) 100vw, 200px\" \/><\/a><p id=\"caption-attachment-993\" class=\"wp-caption-text\">Start beim Mondf\u00e4ngerlauf<\/p><\/div>\n<p>der <strong>10. Oktober 2009<\/strong> wird in die Geschichte des Lauftreffs eingehen! Mit dem <strong>Mondf\u00e4ngerlauf<\/strong> hat der Lauftreff etwas auf die Beine gestellt, das in dieser Form im Kreis seines Gleichen sucht!<\/p>\n<p>Seit Monaten besch\u00e4ftigte sich nicht nur das Orga-Team wie der Traum vom Mondf\u00e4ngerlauf Wirklichkeit werden k\u00f6nnte. Ein Lauf in den Abendstunden, ein Lauf wie ihn auch das Orga-Team selbst noch nie erlebt hat und somit auch nichts kopiert werden konnte.<br \/>\nFest stand von Anfang an, dass der Lauf nicht von einer Strecke durch den sch\u00f6nen Herbstwald leben wird. Nein, die <strong>Stimmung<\/strong> sollte es ausmachen. Der Lauftreff hat es gemeinsam mit vielen Unterst\u00fctzern geschafft!<\/p>\n<p>Die Strecke f\u00fchrt die L\u00e4ufer beim Mondf\u00e4ngerlauf gr\u00f6\u00dftenteils durch den Ort. Ein <strong>Rundkurs von 3,3 Kilometer<\/strong>, der zwei bzw. dreimal zu durchlaufen ist machte den Zuschauern den Lauf interessanter. Die <strong>Stimmungsnester<\/strong> am Gasthaus Krone, am Vereinsheim des Musikvereins, bei der Ev. Methodistischen Kirche, beim Schreiner vor Ort \u2013 Dieter Hermann und der Tennisabteilung des TSVs am Marktplatz f\u00fchrten die L\u00e4ufer \u00fcber die Strecke und heizten mit Musik und Anfeuerungsrufen kr\u00e4ftig ein.<\/p>\n<p>\u201eBesonders sch\u00f6n fand ich die <strong>Fackeln<\/strong> am Ortsein- und ausgang\u201c, so ein L\u00e4ufer nach dem Zieleinlauf. Die vielen <strong>Kerzen<\/strong> um die Kirchenmauer und hunderte von <strong>Papierlampions<\/strong> begeisterten L\u00e4ufer und Fans. Ein ganz liebevolles Detail waren die von den Laufkids geschnitzten<strong> K\u00fcrbisgeister<\/strong>, die den Zielkanal s\u00e4umten.<\/p>\n<p>Die Sicherheit der L\u00e4ufer beim Nachtlauf ging jedoch vor. Eine saubere <strong>Ausleuchtung <\/strong>der Feuerwehren Affst\u00e4tt und Kuppingen auf dem au\u00dfer\u00f6rtlichen Teil schaffte die Verbindung von Stimmung und Sicherheit.<\/p>\n<p>Die sportlichen Leistungen scheinen durch die ganze Stimmung fast ins Hintertreffen zu geraten.<\/p>\n<p>Aber eben nur fast!<br \/>\n<strong>Cian McLoughlin<\/strong> stand bereits als Cup-Sieger 2009 fest, kam nach Kuppingen und gewann mit 30 sek. Vorsprung vor <strong>Bastian Franz<\/strong> in 31:43 min. Bei den Frauen war der Abstand deutlicher. <strong>Christiane Pilz<\/strong>, Gewinnerin des letzten Zigeunerberglaufes nahm ihrer Verfolgerin Sigrid Mutscheller \u00fcber 3 min ab. Kein Wunder bei einer Siegerzeit von nur 35:55 min!<\/p>\n<p>\u00dcber 70 L\u00e4ufer gingen allein f\u00fcr den TSV Kuppingen an den Start. Viele davon Lauftreffler, einige davon aber auch Fu\u00dfballer. \u00dcber die H\u00e4lfte waren<strong> Sch\u00fcler und Junioren<\/strong>, was die Organisatoren besonders freut.<\/p>\n<p>Im <strong>Hauptlauf<\/strong> \u00fcber 10 Km war <strong>Rainer Sattler<\/strong> mit einer Endzeit von 36:47 min schnellster Kuppinger. Obwohl ihm Rundstrecken eigentlich nicht so liegen hat er damit einen super 21. Platz erreicht und war rundherum zufrieden. Auch<strong> Matthia Kienle<\/strong> lie\u00df es bei der Premiere des Mondf\u00e4ngerlaufes richtig krachen. Nach nur 46:01 min lief sie durchs Ziel und gewann damit die Altersklasse W19. Da hat sich das Training auf der Originalstrecke doch gleich mal gelohnt!<\/p>\n<p><strong>DANKE<\/strong><br \/>\nEine Laufveranstaltung wie diese ist nur durch <strong>viele Helfer<\/strong> m\u00f6glich. Ein schlagkr\u00e4ftiges, verl\u00e4ssliches Orgateam, eine saubere Vorbereitung, Fahrdienste, Streckensicherung, Auf-und Abbau, Dekoration, Zeitnahme, Verpflegung, Kinderbetreuung, Beleuchtung, Moderation und Information&#8230;hinter allem stecken viele, viele Helfer. Jedem davon gilt ein herzliches Dankesch\u00f6n<\/p>\n<p>Ebenso Danke dem DRK, den FFW Affst\u00e4tt und Kuppingen, DJ Bessi und <strong>Moritz Werz<\/strong> f\u00fcr seine begeisternde Moderation im Zielbereich. Danke allen Sponsoren f\u00fcr die liebe Unterst\u00fctzung bei den Siegerpreisen und allen \u201eFinanzspritzen\u201c. Danke auch allen Anwohnern f\u00fcr ihr Verst\u00e4ndnis!<\/p>\n<p>Ein gro\u00dfes Dankesch\u00f6n gilt auch allen Stimmungs-Nestern, die mit ihrem Einsatz den L\u00e4ufern der Region gezeigt haben, was Kuppingen drauf hat!<\/p>\n<div id=\"attachment_994\" style=\"width: 310px\" class=\"wp-caption alignnone\"><a href=\"https:\/\/tsvkuppingen.de\/lauftreff\/site\/wp-content\/uploads\/2009\/09\/siegerinnen.jpg\"><img decoding=\"async\" aria-describedby=\"caption-attachment-994\" class=\"size-medium wp-image-994   \" title=\"siegerinnen\" src=\"https:\/\/tsvkuppingen.de\/lauftreff\/site\/wp-content\/uploads\/2009\/09\/siegerinnen-300x200.jpg\" alt=\"2. Sigrid Mutscheller, 1. Christiane Pilz 3. Katharina  Becker\" width=\"300\" srcset=\"https:\/\/tsvkuppingen.de\/lauftreff\/site\/wp-content\/uploads\/2009\/09\/siegerinnen-300x200.jpg 300w, https:\/\/tsvkuppingen.de\/lauftreff\/site\/wp-content\/uploads\/2009\/09\/siegerinnen-1024x682.jpg 1024w\" sizes=\"(max-width: 300px) 100vw, 300px\" \/><\/a><p id=\"caption-attachment-994\" class=\"wp-caption-text\">2. Sigrid Mutscheller, 1. Christiane Pilz 3. Katharina  Becker<\/p><\/div>\n<p><strong>Ergebnisse der Kuppinger:<\/strong><\/p>\n<p>\n<strong>Hauptlauf \u00fcber 10,0km<\/strong><\/p>\n<table style=\"text-align: left; width: 80%;\" border=\"0\\ncellpadding=\" cellspacing=\"0\">\n<tbody>\n<tr>\n<td style=\"width: 10%;\">22<\/td>\n<td style=\"width: 40%;\">Sattler, Rainer<\/td>\n<td style=\"width: 15%;\">36:47<\/td>\n<td style=\"width: 15%;\">7 M20<\/td>\n<\/tr>\n<tr>\n<td style=\"width: 10%;\">30<\/td>\n<td style=\"width: 40%;\">Kapp, Volker<\/td>\n<td style=\"width: 15%;\">37:41<\/td>\n<td style=\"width: 15%;\">6 M45<\/td>\n<\/tr>\n<tr>\n<td style=\"width: 10%;\">47<\/td>\n<td style=\"width: 40%;\">Roth, Alexander<\/td>\n<td style=\"width: 15%;\">38:48<\/td>\n<td style=\"width: 15%;\">8 M40<\/td>\n<\/tr>\n<tr>\n<td style=\"width: 10%;\">52<\/td>\n<td style=\"width: 40%;\">Bruckner, Ralf<\/td>\n<td style=\"width: 15%;\">39:33<\/td>\n<td style=\"width: 15%;\">10 M45<\/td>\n<\/tr>\n<tr>\n<td style=\"width: 10%;\">77<\/td>\n<td style=\"width: 40%;\">Kienle, Christoph<\/td>\n<td style=\"width: 15%;\">40:52<\/td>\n<td style=\"width: 15%;\">19 M20<\/td>\n<\/tr>\n<tr>\n<td style=\"width: 10%;\">83<\/td>\n<td style=\"width: 40%;\">Eichler, Georg<\/td>\n<td style=\"width: 15%;\">41:11<\/td>\n<td style=\"width: 15%;\">8 M19<\/td>\n<\/tr>\n<tr>\n<td style=\"width: 10%;\">97<\/td>\n<td style=\"width: 40%;\">Lissner, Falk<\/td>\n<td style=\"width: 15%;\">42:12<\/td>\n<td style=\"width: 15%;\">18 M45<\/td>\n<\/tr>\n<tr>\n<td style=\"width: 10%;\">108<\/td>\n<td style=\"width: 40%;\">W\u00f6rner, Mario<\/td>\n<td style=\"width: 15%;\">42:35<\/td>\n<td style=\"width: 15%;\">25 M20<\/td>\n<\/tr>\n<tr>\n<td style=\"width: 10%;\">153<\/td>\n<td style=\"width: 40%;\">Funk, Markus<\/td>\n<td style=\"width: 15%;\">44:11<\/td>\n<td style=\"width: 15%;\">31 M40<\/td>\n<\/tr>\n<tr>\n<td style=\"width: 10%;\">170<\/td>\n<td style=\"width: 40%;\">K\u00f6ngeter, Bruno<\/td>\n<td style=\"width: 15%;\">45:10<\/td>\n<td style=\"width: 15%;\">7 M55<\/td>\n<\/tr>\n<tr>\n<td style=\"width: 10%;\">188<\/td>\n<td style=\"width: 40%;\">Kienle, Matthia<\/td>\n<td style=\"width: 15%;\">46:01<\/td>\n<td style=\"width: 15%;\">1 W19<\/td>\n<\/tr>\n<tr>\n<td style=\"width: 10%;\">190<\/td>\n<td style=\"width: 40%;\">Weisse, Markus<\/td>\n<td style=\"width: 15%;\">46:02<\/td>\n<td style=\"width: 15%;\">39 M20<\/td>\n<\/tr>\n<tr>\n<td style=\"width: 10%;\">194<\/td>\n<td style=\"width: 40%;\">Aichele, Manfred<\/td>\n<td style=\"width: 15%;\">46:08<\/td>\n<td style=\"width: 15%;\">20 M50<\/td>\n<\/tr>\n<tr>\n<td style=\"width: 10%;\">235<\/td>\n<td style=\"width: 40%;\">Bruckner, Michaela<\/td>\n<td style=\"width: 15%;\">47:44<\/td>\n<td style=\"width: 15%;\">4 W40<\/td>\n<\/tr>\n<tr>\n<td style=\"width: 10%;\">239<\/td>\n<td style=\"width: 40%;\">W\u00f6rner, Thomas<\/td>\n<td style=\"width: 15%;\">47:58<\/td>\n<td style=\"width: 15%;\">14 M19<\/td>\n<\/tr>\n<tr>\n<td style=\"width: 10%;\">247<\/td>\n<td style=\"width: 40%;\">Kohler, Wolfgang<\/td>\n<td style=\"width: 15%;\">48:13<\/td>\n<td style=\"width: 15%;\">44 M45<\/td>\n<\/tr>\n<tr>\n<td style=\"width: 10%;\">252<\/td>\n<td style=\"width: 40%;\">Lohrer, Thomas<\/td>\n<td style=\"width: 15%;\">48:25<\/td>\n<td style=\"width: 15%;\">46 M40<\/td>\n<\/tr>\n<tr>\n<td style=\"width: 10%;\">284<\/td>\n<td style=\"width: 40%;\">Rehorsch, Jochen<\/td>\n<td style=\"width: 15%;\">49:36<\/td>\n<td style=\"width: 15%;\">26 M35<\/td>\n<\/tr>\n<tr>\n<td style=\"width: 10%;\">285<\/td>\n<td style=\"width: 40%;\">Jauch, Thomas<\/td>\n<td style=\"width: 15%;\">49:37<\/td>\n<td style=\"width: 15%;\">32 M50<\/td>\n<\/tr>\n<tr>\n<td style=\"width: 10%;\">310<\/td>\n<td style=\"width: 40%;\">Pioch, Joachim<\/td>\n<td style=\"width: 15%;\">50:54<\/td>\n<td style=\"width: 15%;\">56 M45<\/td>\n<\/tr>\n<tr>\n<td style=\"width: 10%;\">322<\/td>\n<td style=\"width: 40%;\">Gwinner, Florian<\/td>\n<td style=\"width: 15%;\">51:08<\/td>\n<td style=\"width: 15%;\">15 M30<\/td>\n<\/tr>\n<tr>\n<td style=\"width: 10%;\">364<\/td>\n<td style=\"width: 40%;\">Groeper, Uta<\/td>\n<td style=\"width: 15%;\">53:06<\/td>\n<td style=\"width: 15%;\">9 W35<\/td>\n<\/tr>\n<tr>\n<td style=\"width: 10%;\">365<\/td>\n<td style=\"width: 40%;\">Mester, Stephanie<\/td>\n<td style=\"width: 15%;\">53:07<\/td>\n<td style=\"width: 15%;\">6 W30<\/td>\n<\/tr>\n<tr>\n<td style=\"width: 10%;\">381<\/td>\n<td style=\"width: 40%;\">Fischer, J\u00f6rg<\/td>\n<td style=\"width: 15%;\">54:09<\/td>\n<td style=\"width: 15%;\">5 M65<\/td>\n<\/tr>\n<tr>\n<td style=\"width: 10%;\">385<\/td>\n<td style=\"width: 40%;\">M\u00fcller, Werner<\/td>\n<td style=\"width: 15%;\">54:17<\/td>\n<td style=\"width: 15%;\">1 M75<\/td>\n<\/tr>\n<tr>\n<td style=\"width: 10%;\">397<\/td>\n<td style=\"width: 40%;\">Volk, Anna-Maria<\/td>\n<td style=\"width: 15%;\">54:54<\/td>\n<td style=\"width: 15%;\">1 W65<\/td>\n<\/tr>\n<tr>\n<td style=\"width: 10%;\">409<\/td>\n<td style=\"width: 40%;\">Gudath, Markus<\/td>\n<td style=\"width: 15%;\">55:14<\/td>\n<td style=\"width: 15%;\">67 M40<\/td>\n<\/tr>\n<\/tbody>\n<\/table>\n<p><\/p>\n<p><strong>Jedermannlauf \u00fcber 6,7km<\/strong><\/p>\n<table style=\"text-align: left; width: 80%;\" border=\"0\\ncellpadding=\" cellspacing=\"0\">\n<tbody>\n<tr>\n<td style=\"width: 10%;\">1<\/td>\n<td style=\"width: 40%;\">H\u00f6rrmann, Thomas<\/td>\n<td style=\"width: 15%;\">28:50<\/td>\n<td style=\"width: 15%;\">1 MK<\/td>\n<\/tr>\n<tr>\n<td style=\"width: 10%;\">3<\/td>\n<td style=\"width: 40%;\">Kleindiek, Stefan<\/td>\n<td style=\"width: 15%;\">31:06<\/td>\n<td style=\"width: 15%;\">3 MK<\/td>\n<\/tr>\n<tr>\n<td style=\"width: 10%;\">1<\/td>\n<td style=\"width: 40%;\">Kopp, Petra<\/td>\n<td style=\"width: 15%;\">32:14<\/td>\n<td style=\"width: 15%;\">1 WK<\/td>\n<\/tr>\n<tr>\n<td style=\"width: 10%;\">3<\/td>\n<td style=\"width: 40%;\">Kohler, Liesel<\/td>\n<td style=\"width: 15%;\">37:24<\/td>\n<td style=\"width: 15%;\">3 WK<\/td>\n<\/tr>\n<tr>\n<td style=\"width: 10%;\">9<\/td>\n<td style=\"width: 40%;\">Koch, Dagmar<\/td>\n<td style=\"width: 15%;\">40:32<\/td>\n<td style=\"width: 15%;\">9 WK<\/td>\n<\/tr>\n<\/tbody>\n<\/table>\n<p><\/p>\n<p><strong>Juniorlauf \u00fcber 6,7km<\/strong><\/p>\n<table style=\"text-align: left; width: 80%;\" border=\"0\\ncellpadding=\" cellspacing=\"0\">\n<tbody>\n<tr>\n<td style=\"width: 10%;\">4<\/td>\n<td style=\"width: 40%;\">Kocholl, Tobias<\/td>\n<td style=\"width: 15%;\">27:15<\/td>\n<td style=\"width: 15%;\">4 M15<\/td>\n<\/tr>\n<tr>\n<td style=\"width: 10%;\">7<\/td>\n<td style=\"width: 40%;\">Kopp, Felix<\/td>\n<td style=\"width: 15%;\">29:23<\/td>\n<td style=\"width: 15%;\">7 M15<\/td>\n<\/tr>\n<tr>\n<td style=\"width: 10%;\">9<\/td>\n<td style=\"width: 40%;\">Wunschik, Tim<\/td>\n<td style=\"width: 15%;\">30:10<\/td>\n<td style=\"width: 15%;\">9 M15<\/td>\n<\/tr>\n<tr>\n<td style=\"width: 10%;\">10<\/td>\n<td style=\"width: 40%;\">Mohr, Maximilian<\/td>\n<td style=\"width: 15%;\">30:11<\/td>\n<td style=\"width: 15%;\">10 M15<\/td>\n<\/tr>\n<tr>\n<td style=\"width: 10%;\">12<\/td>\n<td style=\"width: 40%;\">Eichler, Stephan<\/td>\n<td style=\"width: 15%;\">30:21<\/td>\n<td style=\"width: 15%;\">12 M15<\/td>\n<\/tr>\n<tr>\n<td style=\"width: 10%;\">13<\/td>\n<td style=\"width: 40%;\">Pioch, David<\/td>\n<td style=\"width: 15%;\">32:27<\/td>\n<td style=\"width: 15%;\">13 M15<\/td>\n<\/tr>\n<tr>\n<td style=\"width: 10%;\">17<\/td>\n<td style=\"width: 40%;\">Klausen, Philipp<\/td>\n<td style=\"width: 15%;\">34:14<\/td>\n<td style=\"width: 15%;\">17 M15<\/td>\n<\/tr>\n<tr>\n<td style=\"width: 10%;\">6<\/td>\n<td style=\"width: 40%;\">Be\u00dfler, Miriam<\/td>\n<td style=\"width: 15%;\">31:32<\/td>\n<td style=\"width: 15%;\">6 W15<\/td>\n<\/tr>\n<tr>\n<td style=\"width: 10%;\">8<\/td>\n<td style=\"width: 40%;\">Riethm\u00fcller, Elke<\/td>\n<td style=\"width: 15%;\">34:08<\/td>\n<td style=\"width: 15%;\">8 W15<\/td>\n<\/tr>\n<\/tbody>\n<\/table>\n<p><\/p>\n<p><strong>Sch\u00fcler\/innen C \u00fcber 1,1km<\/strong><\/p>\n<table style=\"text-align: left; width: 80%;\" border=\"0\\ncellpadding=\" cellspacing=\"0\">\n<tbody>\n<tr>\n<td style=\"width: 10%;\">7<\/td>\n<td style=\"width: 40%;\">Schmid, Julian<\/td>\n<td style=\"width: 15%;\">4:21<\/td>\n<td style=\"width: 15%;\">7 M11<\/td>\n<\/tr>\n<tr>\n<td style=\"width: 10%;\">19<\/td>\n<td style=\"width: 40%;\">Sautter, Luca<\/td>\n<td style=\"width: 15%;\">4:50<\/td>\n<td style=\"width: 15%;\">19 M11<\/td>\n<\/tr>\n<tr>\n<td style=\"width: 10%;\">22<\/td>\n<td style=\"width: 40%;\">Funk, Lukas<\/td>\n<td style=\"width: 15%;\">4:57<\/td>\n<td style=\"width: 15%;\">22 M11<\/td>\n<\/tr>\n<tr>\n<td style=\"width: 10%;\">26<\/td>\n<td style=\"width: 40%;\">Dietrich, Tim<\/td>\n<td style=\"width: 15%;\">5:03<\/td>\n<td style=\"width: 15%;\">26 M11<\/td>\n<\/tr>\n<tr>\n<td style=\"width: 10%;\">36<\/td>\n<td style=\"width: 40%;\">Klenk, Manuel<\/td>\n<td style=\"width: 15%;\">6:02<\/td>\n<td style=\"width: 15%;\">36 M11<\/td>\n<\/tr>\n<tr>\n<td style=\"width: 10%;\">39<\/td>\n<td style=\"width: 40%;\">St\u00fcmpel, Dominique<\/td>\n<td style=\"width: 15%;\">6:14<\/td>\n<td style=\"width: 15%;\">39 M11<\/td>\n<\/tr>\n<tr>\n<td style=\"width: 10%;\">4<\/td>\n<td style=\"width: 40%;\">Wunschik, Michelle<\/td>\n<td style=\"width: 15%;\">4:21<\/td>\n<td style=\"width: 15%;\">4 W11<\/td>\n<\/tr>\n<tr>\n<td style=\"width: 10%;\">7<\/td>\n<td style=\"width: 40%;\">Wesche, Ann-Katrin<\/td>\n<td style=\"width: 15%;\">4:32<\/td>\n<td style=\"width: 15%;\">7 W11<\/td>\n<\/tr>\n<tr>\n<td style=\"width: 10%;\">10<\/td>\n<td style=\"width: 40%;\">Raschbacher, Kim<\/td>\n<td style=\"width: 15%;\">4:39<\/td>\n<td style=\"width: 15%;\">10 W11<\/td>\n<\/tr>\n<tr>\n<td style=\"width: 10%;\">11<\/td>\n<td style=\"width: 40%;\">Schuker, Lea<\/td>\n<td style=\"width: 15%;\">4:40<\/td>\n<td style=\"width: 15%;\">11 W11<\/td>\n<\/tr>\n<tr>\n<td style=\"width: 10%;\">13<\/td>\n<td style=\"width: 40%;\">Baumann, Laura<\/td>\n<td style=\"width: 15%;\">4:55<\/td>\n<td style=\"width: 15%;\">13 W11<\/td>\n<\/tr>\n<tr>\n<td style=\"width: 10%;\">21<\/td>\n<td style=\"width: 40%;\">Siegert, Anna<\/td>\n<td style=\"width: 15%;\">5:30<\/td>\n<td style=\"width: 15%;\">21 W11<\/td>\n<\/tr>\n<\/tbody>\n<\/table>\n<p><\/p>\n<p><strong>Sch\u00fcler\/innen D \u00fcber 1,1km<\/strong><\/p>\n<table style=\"text-align: left; width: 80%;\" border=\"0\\ncellpadding=\" cellspacing=\"0\">\n<tbody>\n<tr>\n<td style=\"width: 10%;\">14<\/td>\n<td style=\"width: 40%;\">Raschbacher, Nick<\/td>\n<td style=\"width: 15%;\">4:59<\/td>\n<td style=\"width: 15%;\">14 M9<\/td>\n<\/tr>\n<tr>\n<td style=\"width: 10%;\">16<\/td>\n<td style=\"width: 40%;\">Zel\u00dfmann, Matthias<\/td>\n<td style=\"width: 15%;\">5:13<\/td>\n<td style=\"width: 15%;\">16 M9<\/td>\n<\/tr>\n<tr>\n<td style=\"width: 10%;\">19<\/td>\n<td style=\"width: 40%;\">Dietrich, Lukas<\/td>\n<td style=\"width: 15%;\">5:30<\/td>\n<td style=\"width: 15%;\">19 M9<\/td>\n<\/tr>\n<tr>\n<td style=\"width: 10%;\">24<\/td>\n<td style=\"width: 40%;\">Schuker, Moritz<\/td>\n<td style=\"width: 15%;\">5:41<\/td>\n<td style=\"width: 15%;\">24 M9<\/td>\n<\/tr>\n<tr>\n<td style=\"width: 10%;\">25<\/td>\n<td style=\"width: 40%;\">Eppard, Jonas<\/td>\n<td style=\"width: 15%;\">5:42<\/td>\n<td style=\"width: 15%;\">25 M9<\/td>\n<\/tr>\n<tr>\n<td style=\"width: 10%;\">3<\/td>\n<td style=\"width: 40%;\">Zel\u00dfmann, Viktoria<\/td>\n<td style=\"width: 15%;\">4:47<\/td>\n<td style=\"width: 15%;\">3 W9<\/td>\n<\/tr>\n<tr>\n<td style=\"width: 10%;\">4<\/td>\n<td style=\"width: 40%;\">Speer, Ann-Madleen<\/td>\n<td style=\"width: 15%;\">5:12<\/td>\n<td style=\"width: 15%;\">4 W9<\/td>\n<\/tr>\n<tr>\n<td style=\"width: 10%;\">5<\/td>\n<td style=\"width: 40%;\">Oesterlen, Franziska<\/td>\n<td style=\"width: 15%;\">5:16<\/td>\n<td style=\"width: 15%;\">5 W9<\/td>\n<\/tr>\n<tr>\n<td style=\"width: 10%;\">12<\/td>\n<td style=\"width: 40%;\">S\u00fcss, Celine<\/td>\n<td style=\"width: 15%;\">5:56<\/td>\n<td style=\"width: 15%;\">12 W9<\/td>\n<\/tr>\n<tr>\n<td style=\"width: 10%;\">13<\/td>\n<td style=\"width: 40%;\">St\u00fcmpel, Chantal<\/td>\n<td style=\"width: 15%;\">5:59<\/td>\n<td style=\"width: 15%;\">13 W9<\/td>\n<\/tr>\n<\/tbody>\n<\/table>\n<p><\/p>\n<p><strong>Bambini \u00fcber 250m<\/strong><br \/>\nDizinger, Jule<br \/>\nEppard, Philipp<br \/>\nGroeper, Bastian<br \/>\nGroeper, Hannah<br \/>\nKoch, Hannah<br \/>\nMayer, Moritz<br \/>\nMester, Annika<br \/>\nMester, Philipp<br \/>\nRehorsch, Hanna<br \/>\nRehorsch, Marleen<br \/>\nRehorsch, Yannick<br \/>\nSchuker, Amelie<br \/>\nSpeer, Lukas<br \/>\nTiede, Frederik<\/p>\n","protected":false},"excerpt":{"rendered":"<p>Der Mondf\u00e4ngertraum ist wahr geworden der 10. Oktober 2009 wird in die Geschichte des Lauftreffs eingehen! Mit dem Mondf\u00e4ngerlauf hat der Lauftreff etwas auf die Beine gestellt, das in dieser Form im Kreis seines Gleichen sucht! Seit Monaten besch\u00e4ftigte sich nicht nur das Orga-Team wie der Traum vom Mondf\u00e4ngerlauf Wirklichkeit werden k\u00f6nnte. Ein Lauf in [&hellip;]<\/p>\n","protected":false},"author":2,"featured_media":0,"parent":32,"menu_order":99860000,"comment_status":"open","ping_status":"open","template":"","meta":{"ngg_post_thumbnail":0,"footnotes":""},"class_list":["post-912","page","type-page","status-publish","hentry"],"_links":{"self":[{"href":"https:\/\/tsvkuppingen.de\/lauftreff\/site\/index.php?rest_route=\/wp\/v2\/pages\/912","targetHints":{"allow":["GET"]}}],"collection":[{"href":"https:\/\/tsvkuppingen.de\/lauftreff\/site\/index.php?rest_route=\/wp\/v2\/pages"}],"about":[{"href":"https:\/\/tsvkuppingen.de\/lauftreff\/site\/index.php?rest_route=\/wp\/v2\/types\/page"}],"author":[{"embeddable":true,"href":"https:\/\/tsvkuppingen.de\/lauftreff\/site\/index.php?rest_route=\/wp\/v2\/users\/2"}],"replies":[{"embeddable":true,"href":"https:\/\/tsvkuppingen.de\/lauftreff\/site\/index.php?rest_route=%2Fwp%2Fv2%2Fcomments&post=912"}],"version-history":[{"count":16,"href":"https:\/\/tsvkuppingen.de\/lauftreff\/site\/index.php?rest_route=\/wp\/v2\/pages\/912\/revisions"}],"predecessor-version":[{"id":7984,"href":"https:\/\/tsvkuppingen.de\/lauftreff\/site\/index.php?rest_route=\/wp\/v2\/pages\/912\/revisions\/7984"}],"up":[{"embeddable":true,"href":"https:\/\/tsvkuppingen.de\/lauftreff\/site\/index.php?rest_route=\/wp\/v2\/pages\/32"}],"wp:attachment":[{"href":"https:\/\/tsvkuppingen.de\/lauftreff\/site\/index.php?rest_route=%2Fwp%2Fv2%2Fmedia&parent=912"}],"curies":[{"name":"wp","href":"https:\/\/api.w.org\/{rel}","templated":true}]}}